{"id":57,"date":"2024-06-30T02:27:32","date_gmt":"2024-06-30T02:27:32","guid":{"rendered":"https:\/\/researchandmusic.org\/?page_id=57"},"modified":"2024-08-02T03:35:11","modified_gmt":"2024-08-02T03:35:11","slug":"proyectos","status":"publish","type":"page","link":"https:\/\/researchandmusic.org\/en\/proyectos\/","title":{"rendered":"Projects"},"content":{"rendered":"<div data-elementor-type=\"wp-page\" data-elementor-id=\"57\" class=\"elementor elementor-57\" data-elementor-post-type=\"page\">\n\t\t\t\t<div class=\"elementor-element elementor-element-34aeae1 e-flex e-con-boxed e-con e-parent\" data-id=\"34aeae1\" data-element_type=\"container\">\n\t\t\t\t\t<div class=\"e-con-inner\">\n\t\t\t\t<div class=\"elementor-element elementor-element-7cb36c5 elementor-widget elementor-widget-heading\" data-id=\"7cb36c5\" data-element_type=\"widget\" data-widget_type=\"heading.default\">\n\t\t\t\t<div class=\"elementor-widget-container\">\n\t\t\t<style>\/*! elementor - v3.22.0 - 26-06-2024 *\/\n.elementor-heading-title{padding:0;margin:0;line-height:1}.elementor-widget-heading .elementor-heading-title[class*=elementor-size-]>a{color:inherit;font-size:inherit;line-height:inherit}.elementor-widget-heading .elementor-heading-title.elementor-size-small{font-size:15px}.elementor-widget-heading .elementor-heading-title.elementor-size-medium{font-size:19px}.elementor-widget-heading .elementor-heading-title.elementor-size-large{font-size:29px}.elementor-widget-heading .elementor-heading-title.elementor-size-xl{font-size:39px}.elementor-widget-heading .elementor-heading-title.elementor-size-xxl{font-size:59px}<\/style><h1 class=\"elementor-heading-title elementor-size-default\">Our\nprojects<\/h1>\t\t<\/div>\n\t\t\t\t<\/div>\n\t\t\t\t<div class=\"elementor-element elementor-element-d7216b3 elementor-widget elementor-widget-text-editor\" data-id=\"d7216b3\" data-element_type=\"widget\" data-widget_type=\"text-editor.default\">\n\t\t\t\t<div class=\"elementor-widget-container\">\n\t\t\t<style>\/*! elementor - v3.22.0 - 26-06-2024 *\/\n.elementor-widget-text-editor.elementor-drop-cap-view-stacked .elementor-drop-cap{background-color:#69727d;color:#fff}.elementor-widget-text-editor.elementor-drop-cap-view-framed .elementor-drop-cap{color:#69727d;border:3px solid;background-color:transparent}.elementor-widget-text-editor:not(.elementor-drop-cap-view-default) .elementor-drop-cap{margin-top:8px}.elementor-widget-text-editor:not(.elementor-drop-cap-view-default) .elementor-drop-cap-letter{width:1em;height:1em}.elementor-widget-text-editor .elementor-drop-cap{float:left;text-align:center;line-height:1;font-size:50px}.elementor-widget-text-editor .elementor-drop-cap-letter{display:inline-block}<\/style>\t\t\t\t<h5>Each one of our projects focuses on different aspects of the development community, from education to environmental sustainability. We use music and art as tools for research, creating spaces where young people can express themselves, learn and collaborate.<\/h5>\t\t\t\t\t\t<\/div>\n\t\t\t\t<\/div>\n\t\t\t\t\t<\/div>\n\t\t\t\t<\/div>\n\t\t<div class=\"elementor-element elementor-element-24dba3a e-flex e-con-boxed e-con e-parent\" data-id=\"24dba3a\" data-element_type=\"container\">\n\t\t\t\t\t<div class=\"e-con-inner\">\n\t\t<div class=\"elementor-element elementor-element-7d80098 e-con-full e-flex e-con e-child\" data-id=\"7d80098\" data-element_type=\"container\">\n\t\t\t\t<div class=\"elementor-element elementor-element-4a559a4 elementor-widget-divider--view-line elementor-widget elementor-widget-divider\" data-id=\"4a559a4\" data-element_type=\"widget\" data-widget_type=\"divider.default\">\n\t\t\t\t<div class=\"elementor-widget-container\">\n\t\t\t<style>\/*! elementor - v3.22.0 - 26-06-2024 *\/\n.elementor-widget-divider{--divider-border-style:none;--divider-border-width:1px;--divider-color:#0c0d0e;--divider-icon-size:20px;--divider-element-spacing:10px;--divider-pattern-height:24px;--divider-pattern-size:20px;--divider-pattern-url:none;--divider-pattern-repeat:repeat-x}.elementor-widget-divider .elementor-divider{display:flex}.elementor-widget-divider .elementor-divider__text{font-size:15px;line-height:1;max-width:95%}.elementor-widget-divider .elementor-divider__element{margin:0 var(--divider-element-spacing);flex-shrink:0}.elementor-widget-divider .elementor-icon{font-size:var(--divider-icon-size)}.elementor-widget-divider .elementor-divider-separator{display:flex;margin:0;direction:ltr}.elementor-widget-divider--view-line_icon .elementor-divider-separator,.elementor-widget-divider--view-line_text .elementor-divider-separator{align-items:center}.elementor-widget-divider--view-line_icon .elementor-divider-separator:after,.elementor-widget-divider--view-line_icon .elementor-divider-separator:before,.elementor-widget-divider--view-line_text .elementor-divider-separator:after,.elementor-widget-divider--view-line_text .elementor-divider-separator:before{display:block;content:\"\";border-block-end:0;flex-grow:1;border-block-start:var(--divider-border-width) var(--divider-border-style) var(--divider-color)}.elementor-widget-divider--element-align-left .elementor-divider .elementor-divider-separator>.elementor-divider__svg:first-of-type{flex-grow:0;flex-shrink:100}.elementor-widget-divider--element-align-left .elementor-divider-separator:before{content:none}.elementor-widget-divider--element-align-left .elementor-divider__element{margin-left:0}.elementor-widget-divider--element-align-right .elementor-divider .elementor-divider-separator>.elementor-divider__svg:last-of-type{flex-grow:0;flex-shrink:100}.elementor-widget-divider--element-align-right .elementor-divider-separator:after{content:none}.elementor-widget-divider--element-align-right .elementor-divider__element{margin-right:0}.elementor-widget-divider--element-align-start .elementor-divider .elementor-divider-separator>.elementor-divider__svg:first-of-type{flex-grow:0;flex-shrink:100}.elementor-widget-divider--element-align-start .elementor-divider-separator:before{content:none}.elementor-widget-divider--element-align-start .elementor-divider__element{margin-inline-start:0}.elementor-widget-divider--element-align-end .elementor-divider .elementor-divider-separator>.elementor-divider__svg:last-of-type{flex-grow:0;flex-shrink:100}.elementor-widget-divider--element-align-end .elementor-divider-separator:after{content:none}.elementor-widget-divider--element-align-end .elementor-divider__element{margin-inline-end:0}.elementor-widget-divider:not(.elementor-widget-divider--view-line_text):not(.elementor-widget-divider--view-line_icon) .elementor-divider-separator{border-block-start:var(--divider-border-width) var(--divider-border-style) var(--divider-color)}.elementor-widget-divider--separator-type-pattern{--divider-border-style:none}.elementor-widget-divider--separator-type-pattern.elementor-widget-divider--view-line .elementor-divider-separator,.elementor-widget-divider--separator-type-pattern:not(.elementor-widget-divider--view-line) .elementor-divider-separator:after,.elementor-widget-divider--separator-type-pattern:not(.elementor-widget-divider--view-line) .elementor-divider-separator:before,.elementor-widget-divider--separator-type-pattern:not([class*=elementor-widget-divider--view]) .elementor-divider-separator{width:100%;min-height:var(--divider-pattern-height);-webkit-mask-size:var(--divider-pattern-size) 100%;mask-size:var(--divider-pattern-size) 100%;-webkit-mask-repeat:var(--divider-pattern-repeat);mask-repeat:var(--divider-pattern-repeat);background-color:var(--divider-color);-webkit-mask-image:var(--divider-pattern-url);mask-image:var(--divider-pattern-url)}.elementor-widget-divider--no-spacing{--divider-pattern-size:auto}.elementor-widget-divider--bg-round{--divider-pattern-repeat:round}.rtl .elementor-widget-divider .elementor-divider__text{direction:rtl}.e-con-inner>.elementor-widget-divider,.e-con>.elementor-widget-divider{width:var(--container-widget-width,100%);--flex-grow:var(--container-widget-flex-grow)}<\/style>\t\t<div class=\"elementor-divider\">\n\t\t\t<span class=\"elementor-divider-separator\">\n\t\t\t\t\t\t<\/span>\n\t\t<\/div>\n\t\t\t\t<\/div>\n\t\t\t\t<\/div>\n\t\t\t\t<\/div>\n\t\t<div class=\"elementor-element elementor-element-a294942 e-flex e-con-boxed e-con e-child\" data-id=\"a294942\" data-element_type=\"container\">\n\t\t\t\t\t<div class=\"e-con-inner\">\n\t\t\t\t\t<\/div>\n\t\t\t\t<\/div>\n\t\t<div class=\"elementor-element elementor-element-21af575 e-flex e-con-boxed e-con e-child\" data-id=\"21af575\" data-element_type=\"container\">\n\t\t\t\t\t<div class=\"e-con-inner\">\n\t\t\t\t<div class=\"elementor-element elementor-element-a861a8c elementor-grid-1 elementor-posts--thumbnail-right elementor-posts--align-left elementor-grid-tablet-1 elementor-hidden-mobile elementor-grid-mobile-1 elementor-widget elementor-widget-posts\" data-id=\"a861a8c\" data-element_type=\"widget\" data-settings=\"{&quot;pagination_type&quot;:&quot;load_more_infinite_scroll&quot;,&quot;classic_columns&quot;:&quot;1&quot;,&quot;classic_row_gap&quot;:{&quot;unit&quot;:&quot;px&quot;,&quot;size&quot;:49,&quot;sizes&quot;:[]},&quot;classic_columns_tablet&quot;:&quot;1&quot;,&quot;classic_row_gap_tablet&quot;:{&quot;unit&quot;:&quot;px&quot;,&quot;size&quot;:29,&quot;sizes&quot;:[]},&quot;classic_columns_mobile&quot;:&quot;1&quot;,&quot;classic_row_gap_mobile&quot;:{&quot;unit&quot;:&quot;px&quot;,&quot;size&quot;:&quot;&quot;,&quot;sizes&quot;:[]},&quot;load_more_spinner&quot;:{&quot;value&quot;:&quot;fas fa-spinner&quot;,&quot;library&quot;:&quot;fa-solid&quot;}}\" data-widget_type=\"posts.classic\">\n\t\t\t\t<div class=\"elementor-widget-container\">\n\t\t\t<link rel=\"stylesheet\" href=\"https:\/\/researchandmusic.org\/wp-content\/plugins\/pro-elements\/assets\/css\/widget-posts.min.css\">\t\t<div class=\"elementor-posts-container elementor-posts elementor-posts--skin-classic elementor-grid\">\n\t\t\t\t<article class=\"elementor-post elementor-grid-item post-1449 post type-post status-publish format-standard has-post-thumbnail hentry category-colombia category-internacional tag-creatividad tag-diversidad tag-draperstown tag-proyecto-de-investigacion tag-ritmo tag-rural\">\n\t\t\t\t<a class=\"elementor-post__thumbnail__link\" href=\"https:\/\/researchandmusic.org\/en\/draperstown\/\" tabindex=\"-1\" >\n\t\t\t<div class=\"elementor-post__thumbnail\"><img fetchpriority=\"high\" decoding=\"async\" width=\"2560\" height=\"1920\" src=\"https:\/\/researchandmusic.org\/wp-content\/uploads\/2025\/04\/IMG_0266-2-scaled.jpg\" class=\"attachment-full size-full wp-image-1457\" alt=\"\" srcset=\"https:\/\/researchandmusic.org\/wp-content\/uploads\/2025\/04\/IMG_0266-2-scaled.jpg 2560w, https:\/\/researchandmusic.org\/wp-content\/uploads\/2025\/04\/IMG_0266-2-300x225.jpg 300w, https:\/\/researchandmusic.org\/wp-content\/uploads\/2025\/04\/IMG_0266-2-1024x768.jpg 1024w, https:\/\/researchandmusic.org\/wp-content\/uploads\/2025\/04\/IMG_0266-2-768x576.jpg 768w, https:\/\/researchandmusic.org\/wp-content\/uploads\/2025\/04\/IMG_0266-2-1536x1152.jpg 1536w, https:\/\/researchandmusic.org\/wp-content\/uploads\/2025\/04\/IMG_0266-2-2048x1536.jpg 2048w, https:\/\/researchandmusic.org\/wp-content\/uploads\/2025\/04\/IMG_0266-2-16x12.jpg 16w\" sizes=\"(max-width: 2560px) 100vw, 2560px\" \/><\/div>\n\t\t<\/a>\n\t\t\t\t<div class=\"elementor-post__text\">\n\t\t\t\t<h3 class=\"elementor-post__title\">\n\t\t\t<a href=\"https:\/\/researchandmusic.org\/en\/draperstown\/\" >\n\t\t\t\tDraperstown\t\t\t<\/a>\n\t\t<\/h3>\n\t\t\t\t<div class=\"elementor-post__meta-data\">\n\t\t\t\t\t<span class=\"elementor-post-date\">\n\t\t\tFebruary, 2025\t\t<\/span>\n\t\t\t\t<\/div>\n\t\t\t\t<div class=\"elementor-post__excerpt\">\n\t\t\t<p>2025 Draperstown, United Kingdom\nCreativity, rhythm and diversity: Mr. Klaje in rural schools of Northern Ireland\n\nIn February 2025, the Colombian collective Mr. Klaje \/ Innovaser visited the town of Draperstown, in County Londonderry (Northern Ireland), to deliver a series of creative workshops with children.<\/p>\n\t\t<\/div>\n\t\t\t\t\t<div class=\"elementor-post__read-more-wrapper\">\n\t\t\n\t\t<a class=\"elementor-post__read-more\" href=\"https:\/\/researchandmusic.org\/en\/draperstown\/\" aria-label=\"Read more about Draperstown\" tabindex=\"-1\" >\n\t\t\tREAD MORE &gt;&gt; \t\t<\/a>\n\n\t\t\t\t\t<\/div>\n\t\t\t\t<\/div>\n\t\t\t\t<\/article>\n\t\t\t\t<article class=\"elementor-post elementor-grid-item post-1467 post type-post status-publish format-standard has-post-thumbnail hentry category-colombia category-internacional tag-conciencia-climatica tag-creacion-sonora tag-island tag-proyecto-de-investigacion\">\n\t\t\t\t<a class=\"elementor-post__thumbnail__link\" href=\"https:\/\/researchandmusic.org\/en\/proyecto-future-islan-islan\/\" tabindex=\"-1\" >\n\t\t\t<div class=\"elementor-post__thumbnail\"><img decoding=\"async\" width=\"1114\" height=\"619\" data-src=\"https:\/\/researchandmusic.org\/wp-content\/uploads\/2025\/05\/WhatsApp-Image-2025-04-22-at-9.18.21-AM-2.jpeg\" class=\"attachment-full size-full wp-image-1475 lazyload\" alt=\"\" data-srcset=\"https:\/\/researchandmusic.org\/wp-content\/uploads\/2025\/05\/WhatsApp-Image-2025-04-22-at-9.18.21-AM-2.jpeg 1114w, https:\/\/researchandmusic.org\/wp-content\/uploads\/2025\/05\/WhatsApp-Image-2025-04-22-at-9.18.21-AM-2-300x167.jpeg 300w, https:\/\/researchandmusic.org\/wp-content\/uploads\/2025\/05\/WhatsApp-Image-2025-04-22-at-9.18.21-AM-2-1024x569.jpeg 1024w, https:\/\/researchandmusic.org\/wp-content\/uploads\/2025\/05\/WhatsApp-Image-2025-04-22-at-9.18.21-AM-2-768x427.jpeg 768w, https:\/\/researchandmusic.org\/wp-content\/uploads\/2025\/05\/WhatsApp-Image-2025-04-22-at-9.18.21-AM-2-18x10.jpeg 18w\" data-sizes=\"(max-width: 1114px) 100vw, 1114px\" src=\"data:image\/gif;base64,R0lGODlhAQABAAAAACH5BAEKAAEALAAAAAABAAEAAAICTAEAOw==\" style=\"--smush-placeholder-width: 1114px; --smush-placeholder-aspect-ratio: 1114\/619;\" \/><noscript><img decoding=\"async\" width=\"1114\" height=\"619\" src=\"https:\/\/researchandmusic.org\/wp-content\/uploads\/2025\/05\/WhatsApp-Image-2025-04-22-at-9.18.21-AM-2.jpeg\" class=\"attachment-full size-full wp-image-1475\" alt=\"\" srcset=\"https:\/\/researchandmusic.org\/wp-content\/uploads\/2025\/05\/WhatsApp-Image-2025-04-22-at-9.18.21-AM-2.jpeg 1114w, https:\/\/researchandmusic.org\/wp-content\/uploads\/2025\/05\/WhatsApp-Image-2025-04-22-at-9.18.21-AM-2-300x167.jpeg 300w, https:\/\/researchandmusic.org\/wp-content\/uploads\/2025\/05\/WhatsApp-Image-2025-04-22-at-9.18.21-AM-2-1024x569.jpeg 1024w, https:\/\/researchandmusic.org\/wp-content\/uploads\/2025\/05\/WhatsApp-Image-2025-04-22-at-9.18.21-AM-2-768x427.jpeg 768w, https:\/\/researchandmusic.org\/wp-content\/uploads\/2025\/05\/WhatsApp-Image-2025-04-22-at-9.18.21-AM-2-18x10.jpeg 18w\" sizes=\"(max-width: 1114px) 100vw, 1114px\" \/><\/noscript><\/div>\n\t\t<\/a>\n\t\t\t\t<div class=\"elementor-post__text\">\n\t\t\t\t<h3 class=\"elementor-post__title\">\n\t\t\t<a href=\"https:\/\/researchandmusic.org\/en\/proyecto-future-islan-islan\/\" >\n\t\t\t\tProyecto Future Island Island\t\t\t<\/a>\n\t\t<\/h3>\n\t\t\t\t<div class=\"elementor-post__meta-data\">\n\t\t\t\t\t<span class=\"elementor-post-date\">\n\t\t\tFebruary, 2025\t\t<\/span>\n\t\t\t\t<\/div>\n\t\t\t\t<div class=\"elementor-post__excerpt\">\n\t\t\t<p>This project aims to contribute to the development of a greener and more sustainable economy in Northern Ireland by bringing together local communities, academics, and creatives through collaborative research processes.<\/p>\n\t\t<\/div>\n\t\t\t\t\t<div class=\"elementor-post__read-more-wrapper\">\n\t\t\n\t\t<a class=\"elementor-post__read-more\" href=\"https:\/\/researchandmusic.org\/en\/proyecto-future-islan-islan\/\" aria-label=\"Read more about Proyecto Future Island Island\" tabindex=\"-1\" >\n\t\t\tREAD MORE &gt;&gt; \t\t<\/a>\n\n\t\t\t\t\t<\/div>\n\t\t\t\t<\/div>\n\t\t\t\t<\/article>\n\t\t\t\t<article class=\"elementor-post elementor-grid-item post-1297 post type-post status-publish format-standard has-post-thumbnail hentry category-colombia category-internacional tag-lucha-climatica tag-muro-sonoro tag-proyecto-de-investigacion\">\n\t\t\t\t<a class=\"elementor-post__thumbnail__link\" href=\"https:\/\/researchandmusic.org\/en\/muro-sonoro-proyecto-de-investigacion\/\" tabindex=\"-1\" >\n\t\t\t<div class=\"elementor-post__thumbnail\"><img decoding=\"async\" width=\"2048\" height=\"1365\" data-src=\"https:\/\/researchandmusic.org\/wp-content\/uploads\/2025\/05\/DSC02979.jpg\" class=\"attachment-full size-full wp-image-1519 lazyload\" alt=\"\" data-srcset=\"https:\/\/researchandmusic.org\/wp-content\/uploads\/2025\/05\/DSC02979.jpg 2048w, https:\/\/researchandmusic.org\/wp-content\/uploads\/2025\/05\/DSC02979-300x200.jpg 300w, https:\/\/researchandmusic.org\/wp-content\/uploads\/2025\/05\/DSC02979-1024x683.jpg 1024w, https:\/\/researchandmusic.org\/wp-content\/uploads\/2025\/05\/DSC02979-768x512.jpg 768w, https:\/\/researchandmusic.org\/wp-content\/uploads\/2025\/05\/DSC02979-1536x1024.jpg 1536w, https:\/\/researchandmusic.org\/wp-content\/uploads\/2025\/05\/DSC02979-18x12.jpg 18w\" data-sizes=\"(max-width: 2048px) 100vw, 2048px\" src=\"data:image\/gif;base64,R0lGODlhAQABAAAAACH5BAEKAAEALAAAAAABAAEAAAICTAEAOw==\" style=\"--smush-placeholder-width: 2048px; --smush-placeholder-aspect-ratio: 2048\/1365;\" \/><noscript><img decoding=\"async\" width=\"2048\" height=\"1365\" src=\"https:\/\/researchandmusic.org\/wp-content\/uploads\/2025\/05\/DSC02979.jpg\" class=\"attachment-full size-full wp-image-1519\" alt=\"\" srcset=\"https:\/\/researchandmusic.org\/wp-content\/uploads\/2025\/05\/DSC02979.jpg 2048w, https:\/\/researchandmusic.org\/wp-content\/uploads\/2025\/05\/DSC02979-300x200.jpg 300w, https:\/\/researchandmusic.org\/wp-content\/uploads\/2025\/05\/DSC02979-1024x683.jpg 1024w, https:\/\/researchandmusic.org\/wp-content\/uploads\/2025\/05\/DSC02979-768x512.jpg 768w, https:\/\/researchandmusic.org\/wp-content\/uploads\/2025\/05\/DSC02979-1536x1024.jpg 1536w, https:\/\/researchandmusic.org\/wp-content\/uploads\/2025\/05\/DSC02979-18x12.jpg 18w\" sizes=\"(max-width: 2048px) 100vw, 2048px\" \/><\/noscript><\/div>\n\t\t<\/a>\n\t\t\t\t<div class=\"elementor-post__text\">\n\t\t\t\t<h3 class=\"elementor-post__title\">\n\t\t\t<a href=\"https:\/\/researchandmusic.org\/en\/muro-sonoro-proyecto-de-investigacion\/\" >\n\t\t\t\tSound Wall\t\t\t<\/a>\n\t\t<\/h3>\n\t\t\t\t<div class=\"elementor-post__meta-data\">\n\t\t\t\t\t<span class=\"elementor-post-date\">\n\t\t\tSeptember, 2024\t\t<\/span>\n\t\t\t\t<\/div>\n\t\t\t\t<div class=\"elementor-post__excerpt\">\n\t\t\t<p>Sonic Engagement is a project funded by the Moray House School of Education and Sport at the University of Edinburgh. This interdisciplinary research initiative uses art, music, and sound to amplify the voices of young Colombians in the fight for climate justice.\t\t<\/div>\n\t\t\t\t\t<div class=\"elementor-post__read-more-wrapper\">\n\t\t\n\t\t<a class=\"elementor-post__read-more\" href=\"https:\/\/researchandmusic.org\/en\/muro-sonoro-proyecto-de-investigacion\/\" aria-label=\"Read more about Muro Sonoro\" tabindex=\"-1\" >\n\t\t\tREAD MORE &gt;&gt; \t\t<\/a>\n\n\t\t\t\t\t<\/div>\n\t\t\t\t<\/div>\n\t\t\t\t<\/article>\n\t\t\t\t<article class=\"elementor-post elementor-grid-item post-1338 post type-post status-publish format-standard has-post-thumbnail hentry category-colombia tag-bibliotecas tag-bibliotecas-publicas tag-cali tag-paz tag-reconciliacion tag-toolkit\">\n\t\t\t\t<a class=\"elementor-post__thumbnail__link\" href=\"https:\/\/researchandmusic.org\/en\/toolkit-para-el-fortalecimiento-de-la-red-de-bibliotecas-publicas-de-cali\/\" tabindex=\"-1\" >\n\t\t\t<div class=\"elementor-post__thumbnail\"><img loading=\"lazy\" decoding=\"async\" width=\"2560\" height=\"1920\" data-src=\"https:\/\/researchandmusic.org\/wp-content\/uploads\/2024\/09\/IMG-20240826-WA0089-1-scaled.jpg\" class=\"attachment-full size-full wp-image-1340 lazyload\" alt=\"Biblioteca p\u00fablica\" data-srcset=\"https:\/\/researchandmusic.org\/wp-content\/uploads\/2024\/09\/IMG-20240826-WA0089-1-scaled.jpg 2560w, https:\/\/researchandmusic.org\/wp-content\/uploads\/2024\/09\/IMG-20240826-WA0089-1-300x225.jpg 300w, https:\/\/researchandmusic.org\/wp-content\/uploads\/2024\/09\/IMG-20240826-WA0089-1-1024x768.jpg 1024w, https:\/\/researchandmusic.org\/wp-content\/uploads\/2024\/09\/IMG-20240826-WA0089-1-768x576.jpg 768w, https:\/\/researchandmusic.org\/wp-content\/uploads\/2024\/09\/IMG-20240826-WA0089-1-1536x1152.jpg 1536w, https:\/\/researchandmusic.org\/wp-content\/uploads\/2024\/09\/IMG-20240826-WA0089-1-2048x1536.jpg 2048w, https:\/\/researchandmusic.org\/wp-content\/uploads\/2024\/09\/IMG-20240826-WA0089-1-16x12.jpg 16w\" data-sizes=\"(max-width: 2560px) 100vw, 2560px\" src=\"data:image\/gif;base64,R0lGODlhAQABAAAAACH5BAEKAAEALAAAAAABAAEAAAICTAEAOw==\" style=\"--smush-placeholder-width: 2560px; --smush-placeholder-aspect-ratio: 2560\/1920;\" \/><noscript><img loading=\"lazy\" decoding=\"async\" width=\"2560\" height=\"1920\" src=\"https:\/\/researchandmusic.org\/wp-content\/uploads\/2024\/09\/IMG-20240826-WA0089-1-scaled.jpg\" class=\"attachment-full size-full wp-image-1340\" alt=\"Biblioteca p\u00fablica\" srcset=\"https:\/\/researchandmusic.org\/wp-content\/uploads\/2024\/09\/IMG-20240826-WA0089-1-scaled.jpg 2560w, https:\/\/researchandmusic.org\/wp-content\/uploads\/2024\/09\/IMG-20240826-WA0089-1-300x225.jpg 300w, https:\/\/researchandmusic.org\/wp-content\/uploads\/2024\/09\/IMG-20240826-WA0089-1-1024x768.jpg 1024w, https:\/\/researchandmusic.org\/wp-content\/uploads\/2024\/09\/IMG-20240826-WA0089-1-768x576.jpg 768w, https:\/\/researchandmusic.org\/wp-content\/uploads\/2024\/09\/IMG-20240826-WA0089-1-1536x1152.jpg 1536w, https:\/\/researchandmusic.org\/wp-content\/uploads\/2024\/09\/IMG-20240826-WA0089-1-2048x1536.jpg 2048w, https:\/\/researchandmusic.org\/wp-content\/uploads\/2024\/09\/IMG-20240826-WA0089-1-16x12.jpg 16w\" sizes=\"(max-width: 2560px) 100vw, 2560px\" \/><\/noscript><\/div>\n\t\t<\/a>\n\t\t\t\t<div class=\"elementor-post__text\">\n\t\t\t\t<h3 class=\"elementor-post__title\">\n\t\t\t<a href=\"https:\/\/researchandmusic.org\/en\/toolkit-para-el-fortalecimiento-de-la-red-de-bibliotecas-publicas-de-cali\/\" >\n\t\t\t\tToolkit for the strengthening of the Cali Public Libraries Network\t\t\t<\/a>\n\t\t<\/h3>\n\t\t\t\t<div class=\"elementor-post__meta-data\">\n\t\t\t\t\t<span class=\"elementor-post-date\">\n\t\t\tMay, 2024\t\t<\/span>\n\t\t\t\t<\/div>\n\t\t\t\t<div class=\"elementor-post__excerpt\">\n\t\t\t<p>The Toolkit for Strengthening the Public Library Network of Cali aims to transform libraries into spaces for peace and social reconciliation. Given the high levels of violence in the city, these libraries are envisioned as key places for dialogue, citizen participation, and peaceful conflict resolution.\t\t<\/div>\n\t\t\t\t\t<div class=\"elementor-post__read-more-wrapper\">\n\t\t\n\t\t<a class=\"elementor-post__read-more\" href=\"https:\/\/researchandmusic.org\/en\/toolkit-para-el-fortalecimiento-de-la-red-de-bibliotecas-publicas-de-cali\/\" aria-label=\"Read more about Toolkit para el fortalecimiento de la Red de Bibliotecas P\u00fablicas de Cali\" tabindex=\"-1\" >\n\t\t\tREAD MORE &gt;&gt; \t\t<\/a>\n\n\t\t\t\t\t<\/div>\n\t\t\t\t<\/div>\n\t\t\t\t<\/article>\n\t\t\t\t<article class=\"elementor-post elementor-grid-item post-1102 post type-post status-publish format-standard has-post-thumbnail hentry category-colombia\">\n\t\t\t\t<a class=\"elementor-post__thumbnail__link\" href=\"https:\/\/researchandmusic.org\/en\/pasando-la-pagin\/\" tabindex=\"-1\" >\n\t\t\t<div class=\"elementor-post__thumbnail\"><img loading=\"lazy\" decoding=\"async\" width=\"2560\" height=\"1437\" data-src=\"https:\/\/researchandmusic.org\/wp-content\/uploads\/2024\/07\/DSF3346-1-scaled.jpg\" class=\"attachment-full size-full wp-image-364 lazyload\" alt=\"\" data-srcset=\"https:\/\/researchandmusic.org\/wp-content\/uploads\/2024\/07\/DSF3346-1-scaled.jpg 2560w, https:\/\/researchandmusic.org\/wp-content\/uploads\/2024\/07\/DSF3346-1-300x168.jpg 300w, https:\/\/researchandmusic.org\/wp-content\/uploads\/2024\/07\/DSF3346-1-1024x575.jpg 1024w, https:\/\/researchandmusic.org\/wp-content\/uploads\/2024\/07\/DSF3346-1-768x431.jpg 768w, https:\/\/researchandmusic.org\/wp-content\/uploads\/2024\/07\/DSF3346-1-1536x862.jpg 1536w, https:\/\/researchandmusic.org\/wp-content\/uploads\/2024\/07\/DSF3346-1-2048x1149.jpg 2048w\" data-sizes=\"(max-width: 2560px) 100vw, 2560px\" src=\"data:image\/gif;base64,R0lGODlhAQABAAAAACH5BAEKAAEALAAAAAABAAEAAAICTAEAOw==\" style=\"--smush-placeholder-width: 2560px; --smush-placeholder-aspect-ratio: 2560\/1437;\" \/><noscript><img loading=\"lazy\" decoding=\"async\" width=\"2560\" height=\"1437\" src=\"https:\/\/researchandmusic.org\/wp-content\/uploads\/2024\/07\/DSF3346-1-scaled.jpg\" class=\"attachment-full size-full wp-image-364\" alt=\"\" srcset=\"https:\/\/researchandmusic.org\/wp-content\/uploads\/2024\/07\/DSF3346-1-scaled.jpg 2560w, https:\/\/researchandmusic.org\/wp-content\/uploads\/2024\/07\/DSF3346-1-300x168.jpg 300w, https:\/\/researchandmusic.org\/wp-content\/uploads\/2024\/07\/DSF3346-1-1024x575.jpg 1024w, https:\/\/researchandmusic.org\/wp-content\/uploads\/2024\/07\/DSF3346-1-768x431.jpg 768w, https:\/\/researchandmusic.org\/wp-content\/uploads\/2024\/07\/DSF3346-1-1536x862.jpg 1536w, https:\/\/researchandmusic.org\/wp-content\/uploads\/2024\/07\/DSF3346-1-2048x1149.jpg 2048w\" sizes=\"(max-width: 2560px) 100vw, 2560px\" \/><\/noscript><\/div>\n\t\t<\/a>\n\t\t\t\t<div class=\"elementor-post__text\">\n\t\t\t\t<h3 class=\"elementor-post__title\">\n\t\t\t<a href=\"https:\/\/researchandmusic.org\/en\/pasando-la-pagin\/\" >\n\t\t\t\tTurning the page\t\t\t<\/a>\n\t\t<\/h3>\n\t\t\t\t<div class=\"elementor-post__meta-data\">\n\t\t\t\t\t<span class=\"elementor-post-date\">\n\t\t\tAugust, 2023\t\t<\/span>\n\t\t\t\t<\/div>\n\t\t\t\t<div class=\"elementor-post__excerpt\">\n\t\t\t<p>2023 Cali, Colombia The 'Turning the Page' initiative stands as a unique pedagogical experience, fusing methodologies linked to music and art. Its fundamental purpose lies in promoting a meeting of knowledge with the youth of commune 20 in the city of Cali, Colombia. The primary objective<\/p>\n\t\t<\/div>\n\t\t\t\t\t<div class=\"elementor-post__read-more-wrapper\">\n\t\t\n\t\t<a class=\"elementor-post__read-more\" href=\"https:\/\/researchandmusic.org\/en\/pasando-la-pagin\/\" aria-label=\"Read more about Pasando la p\u00e1gina\" tabindex=\"-1\" >\n\t\t\tREAD MORE &gt;&gt; \t\t<\/a>\n\n\t\t\t\t\t<\/div>\n\t\t\t\t<\/div>\n\t\t\t\t<\/article>\n\t\t\t\t<article class=\"elementor-post elementor-grid-item post-797 post type-post status-publish format-standard has-post-thumbnail hentry category-internacional\">\n\t\t\t\t<a class=\"elementor-post__thumbnail__link\" href=\"https:\/\/researchandmusic.org\/en\/las-3rs-de-la-paz-irlanda-2\/\" tabindex=\"-1\" >\n\t\t\t<div class=\"elementor-post__thumbnail\"><img loading=\"lazy\" decoding=\"async\" width=\"906\" height=\"768\" data-src=\"https:\/\/researchandmusic.org\/wp-content\/uploads\/2024\/07\/3Rs-de-la-paz-3-1.jpg\" class=\"attachment-full size-full wp-image-518 lazyload\" alt=\"\" data-srcset=\"https:\/\/researchandmusic.org\/wp-content\/uploads\/2024\/07\/3Rs-de-la-paz-3-1.jpg 906w, https:\/\/researchandmusic.org\/wp-content\/uploads\/2024\/07\/3Rs-de-la-paz-3-1-300x254.jpg 300w, https:\/\/researchandmusic.org\/wp-content\/uploads\/2024\/07\/3Rs-de-la-paz-3-1-768x651.jpg 768w\" data-sizes=\"(max-width: 906px) 100vw, 906px\" src=\"data:image\/gif;base64,R0lGODlhAQABAAAAACH5BAEKAAEALAAAAAABAAEAAAICTAEAOw==\" style=\"--smush-placeholder-width: 906px; --smush-placeholder-aspect-ratio: 906\/768;\" \/><noscript><img loading=\"lazy\" decoding=\"async\" width=\"906\" height=\"768\" src=\"https:\/\/researchandmusic.org\/wp-content\/uploads\/2024\/07\/3Rs-de-la-paz-3-1.jpg\" class=\"attachment-full size-full wp-image-518\" alt=\"\" srcset=\"https:\/\/researchandmusic.org\/wp-content\/uploads\/2024\/07\/3Rs-de-la-paz-3-1.jpg 906w, https:\/\/researchandmusic.org\/wp-content\/uploads\/2024\/07\/3Rs-de-la-paz-3-1-300x254.jpg 300w, https:\/\/researchandmusic.org\/wp-content\/uploads\/2024\/07\/3Rs-de-la-paz-3-1-768x651.jpg 768w\" sizes=\"(max-width: 906px) 100vw, 906px\" \/><\/noscript><\/div>\n\t\t<\/a>\n\t\t\t\t<div class=\"elementor-post__text\">\n\t\t\t\t<h3 class=\"elementor-post__title\">\n\t\t\t<a href=\"https:\/\/researchandmusic.org\/en\/las-3rs-de-la-paz-irlanda-2\/\" >\n\t\t\t\tLong Live Diversity Irlanda del Norte &#8211; Beam\t\t\t<\/a>\n\t\t<\/h3>\n\t\t\t\t<div class=\"elementor-post__meta-data\">\n\t\t\t\t\t<span class=\"elementor-post-date\">\n\t\t\tDecember, 2022\t\t<\/span>\n\t\t\t\t<\/div>\n\t\t\t\t<div class=\"elementor-post__excerpt\">\n\t\t\t<p>This project had as its fundamental objective to promote peace and harmony between young people belonging to the communities, catholic and protestant in Northern Ireland, through artistic expression. To achieve this goal, we created spaces for dialogue in which music, dance and construction\t\t<\/div>\n\t\t\t\t\t<div class=\"elementor-post__read-more-wrapper\">\n\t\t\n\t\t<a class=\"elementor-post__read-more\" href=\"https:\/\/researchandmusic.org\/en\/las-3rs-de-la-paz-irlanda-2\/\" aria-label=\"Read more about Long Live Diversity Irlanda del Norte &#8211; Beam\" tabindex=\"-1\" >\n\t\t\tREAD MORE &gt;&gt; \t\t<\/a>\n\n\t\t\t\t\t<\/div>\n\t\t\t\t<\/div>\n\t\t\t\t<\/article>\n\t\t\t\t<article class=\"elementor-post elementor-grid-item post-820 post type-post status-publish format-standard has-post-thumbnail hentry category-internacional\">\n\t\t\t\t<a class=\"elementor-post__thumbnail__link\" href=\"https:\/\/researchandmusic.org\/en\/taller-de-musica-comunidad-y-medio-ambiente-reino-unido-2\/\" tabindex=\"-1\" >\n\t\t\t<div class=\"elementor-post__thumbnail\"><img loading=\"lazy\" decoding=\"async\" width=\"2560\" height=\"1152\" data-src=\"https:\/\/researchandmusic.org\/wp-content\/uploads\/2024\/07\/Leeds-Research-and-music13-scaled.jpg\" class=\"attachment-full size-full wp-image-833 lazyload\" alt=\"\" data-srcset=\"https:\/\/researchandmusic.org\/wp-content\/uploads\/2024\/07\/Leeds-Research-and-music13-scaled.jpg 2560w, https:\/\/researchandmusic.org\/wp-content\/uploads\/2024\/07\/Leeds-Research-and-music13-300x135.jpg 300w, https:\/\/researchandmusic.org\/wp-content\/uploads\/2024\/07\/Leeds-Research-and-music13-1024x461.jpg 1024w, https:\/\/researchandmusic.org\/wp-content\/uploads\/2024\/07\/Leeds-Research-and-music13-768x345.jpg 768w, https:\/\/researchandmusic.org\/wp-content\/uploads\/2024\/07\/Leeds-Research-and-music13-1536x691.jpg 1536w, https:\/\/researchandmusic.org\/wp-content\/uploads\/2024\/07\/Leeds-Research-and-music13-2048x921.jpg 2048w\" data-sizes=\"(max-width: 2560px) 100vw, 2560px\" src=\"data:image\/gif;base64,R0lGODlhAQABAAAAACH5BAEKAAEALAAAAAABAAEAAAICTAEAOw==\" style=\"--smush-placeholder-width: 2560px; --smush-placeholder-aspect-ratio: 2560\/1152;\" \/><noscript><img loading=\"lazy\" decoding=\"async\" width=\"2560\" height=\"1152\" src=\"https:\/\/researchandmusic.org\/wp-content\/uploads\/2024\/07\/Leeds-Research-and-music13-scaled.jpg\" class=\"attachment-full size-full wp-image-833\" alt=\"\" srcset=\"https:\/\/researchandmusic.org\/wp-content\/uploads\/2024\/07\/Leeds-Research-and-music13-scaled.jpg 2560w, https:\/\/researchandmusic.org\/wp-content\/uploads\/2024\/07\/Leeds-Research-and-music13-300x135.jpg 300w, https:\/\/researchandmusic.org\/wp-content\/uploads\/2024\/07\/Leeds-Research-and-music13-1024x461.jpg 1024w, https:\/\/researchandmusic.org\/wp-content\/uploads\/2024\/07\/Leeds-Research-and-music13-768x345.jpg 768w, https:\/\/researchandmusic.org\/wp-content\/uploads\/2024\/07\/Leeds-Research-and-music13-1536x691.jpg 1536w, https:\/\/researchandmusic.org\/wp-content\/uploads\/2024\/07\/Leeds-Research-and-music13-2048x921.jpg 2048w\" sizes=\"(max-width: 2560px) 100vw, 2560px\" \/><\/noscript><\/div>\n\t\t<\/a>\n\t\t\t\t<div class=\"elementor-post__text\">\n\t\t\t\t<h3 class=\"elementor-post__title\">\n\t\t\t<a href=\"https:\/\/researchandmusic.org\/en\/taller-de-musica-comunidad-y-medio-ambiente-reino-unido-2\/\" >\n\t\t\t\tTaller de m\u00fasica, comunidad y medio ambiente \u2013\u00a0Reino Unido\t\t\t<\/a>\n\t\t<\/h3>\n\t\t\t\t<div class=\"elementor-post__meta-data\">\n\t\t\t\t\t<span class=\"elementor-post-date\">\n\t\t\tJuly, 2022\t\t<\/span>\n\t\t\t\t<\/div>\n\t\t\t\t<div class=\"elementor-post__excerpt\">\n\t\t\t<p>The workshop was part of the dissemination strategy of the project Changing The Story, led by the University of Leeds. It is the result of an exploration of the methodological, collaborative, and interdisciplinary, working with groups of young people at risk in Colombia. Experimenting with tools, musical and artistic works, the workshop is\t\t<\/div>\n\t\t\t\t\t<div class=\"elementor-post__read-more-wrapper\">\n\t\t\n\t\t<a class=\"elementor-post__read-more\" href=\"https:\/\/researchandmusic.org\/en\/taller-de-musica-comunidad-y-medio-ambiente-reino-unido-2\/\" aria-label=\"Read more about Taller de m\u00fasica, comunidad y medio ambiente \u2013\u00a0Reino Unido\" tabindex=\"-1\" >\n\t\t\tREAD MORE &gt;&gt; \t\t<\/a>\n\n\t\t\t\t\t<\/div>\n\t\t\t\t<\/div>\n\t\t\t\t<\/article>\n\t\t\t\t<article class=\"elementor-post elementor-grid-item post-803 post type-post status-publish format-standard has-post-thumbnail hentry category-internacional\">\n\t\t\t\t<a class=\"elementor-post__thumbnail__link\" href=\"https:\/\/researchandmusic.org\/en\/belfast-construccion-de-paz-musica-y-medio-ambiente\/\" tabindex=\"-1\" >\n\t\t\t<div class=\"elementor-post__thumbnail\"><img loading=\"lazy\" decoding=\"async\" width=\"2560\" height=\"1152\" data-src=\"https:\/\/researchandmusic.org\/wp-content\/uploads\/2024\/07\/Belfast-Reseacrh-and-music7-scaled.jpg\" class=\"attachment-full size-full wp-image-810 lazyload\" alt=\"\" data-srcset=\"https:\/\/researchandmusic.org\/wp-content\/uploads\/2024\/07\/Belfast-Reseacrh-and-music7-scaled.jpg 2560w, https:\/\/researchandmusic.org\/wp-content\/uploads\/2024\/07\/Belfast-Reseacrh-and-music7-300x135.jpg 300w, https:\/\/researchandmusic.org\/wp-content\/uploads\/2024\/07\/Belfast-Reseacrh-and-music7-1024x461.jpg 1024w, https:\/\/researchandmusic.org\/wp-content\/uploads\/2024\/07\/Belfast-Reseacrh-and-music7-768x345.jpg 768w, https:\/\/researchandmusic.org\/wp-content\/uploads\/2024\/07\/Belfast-Reseacrh-and-music7-1536x691.jpg 1536w, https:\/\/researchandmusic.org\/wp-content\/uploads\/2024\/07\/Belfast-Reseacrh-and-music7-2048x921.jpg 2048w\" data-sizes=\"(max-width: 2560px) 100vw, 2560px\" src=\"data:image\/gif;base64,R0lGODlhAQABAAAAACH5BAEKAAEALAAAAAABAAEAAAICTAEAOw==\" style=\"--smush-placeholder-width: 2560px; --smush-placeholder-aspect-ratio: 2560\/1152;\" \/><noscript><img loading=\"lazy\" decoding=\"async\" width=\"2560\" height=\"1152\" src=\"https:\/\/researchandmusic.org\/wp-content\/uploads\/2024\/07\/Belfast-Reseacrh-and-music7-scaled.jpg\" class=\"attachment-full size-full wp-image-810\" alt=\"\" srcset=\"https:\/\/researchandmusic.org\/wp-content\/uploads\/2024\/07\/Belfast-Reseacrh-and-music7-scaled.jpg 2560w, https:\/\/researchandmusic.org\/wp-content\/uploads\/2024\/07\/Belfast-Reseacrh-and-music7-300x135.jpg 300w, https:\/\/researchandmusic.org\/wp-content\/uploads\/2024\/07\/Belfast-Reseacrh-and-music7-1024x461.jpg 1024w, https:\/\/researchandmusic.org\/wp-content\/uploads\/2024\/07\/Belfast-Reseacrh-and-music7-768x345.jpg 768w, https:\/\/researchandmusic.org\/wp-content\/uploads\/2024\/07\/Belfast-Reseacrh-and-music7-1536x691.jpg 1536w, https:\/\/researchandmusic.org\/wp-content\/uploads\/2024\/07\/Belfast-Reseacrh-and-music7-2048x921.jpg 2048w\" sizes=\"(max-width: 2560px) 100vw, 2560px\" \/><\/noscript><\/div>\n\t\t<\/a>\n\t\t\t\t<div class=\"elementor-post__text\">\n\t\t\t\t<h3 class=\"elementor-post__title\">\n\t\t\t<a href=\"https:\/\/researchandmusic.org\/en\/belfast-construccion-de-paz-musica-y-medio-ambiente\/\" >\n\t\t\t\tBelfast \u2013 Construction of peace, Music and the Environment.\t\t\t<\/a>\n\t\t<\/h3>\n\t\t\t\t<div class=\"elementor-post__meta-data\">\n\t\t\t\t\t<span class=\"elementor-post-date\">\n\t\t\tMarch, 2022\t\t<\/span>\n\t\t\t\t<\/div>\n\t\t\t\t<div class=\"elementor-post__excerpt\">\n\t\t\t<p>The aim of the workshop was to promote actions of collaborative work scenarios and intercultural among diverse youth participants, as a strategy of inclusion and promotion of peace practices and environmental awareness. The workshop was implemented through methodologies playful and participatory, through the music, percussion\t\t<\/div>\n\t\t\t\t\t<div class=\"elementor-post__read-more-wrapper\">\n\t\t\n\t\t<a class=\"elementor-post__read-more\" href=\"https:\/\/researchandmusic.org\/en\/belfast-construccion-de-paz-musica-y-medio-ambiente\/\" aria-label=\"Read more about Belfast &#8211; Construcci\u00f3n de paz, M\u00fasica y Medio Ambiente.\" tabindex=\"-1\" >\n\t\t\tREAD MORE &gt;&gt; \t\t<\/a>\n\n\t\t\t\t\t<\/div>\n\t\t\t\t<\/div>\n\t\t\t\t<\/article>\n\t\t\t\t<article class=\"elementor-post elementor-grid-item post-589 post type-post status-publish format-standard has-post-thumbnail hentry category-internacional\">\n\t\t\t\t<a class=\"elementor-post__thumbnail__link\" href=\"https:\/\/researchandmusic.org\/en\/4-esquinas-2\/\" tabindex=\"-1\" >\n\t\t\t<div class=\"elementor-post__thumbnail\"><img loading=\"lazy\" decoding=\"async\" width=\"2560\" height=\"1707\" data-src=\"https:\/\/researchandmusic.org\/wp-content\/uploads\/2024\/07\/4-Esquinas-12.jpg\" class=\"attachment-full size-full wp-image-601 lazyload\" alt=\"\" data-srcset=\"https:\/\/researchandmusic.org\/wp-content\/uploads\/2024\/07\/4-Esquinas-12.jpg 2560w, https:\/\/researchandmusic.org\/wp-content\/uploads\/2024\/07\/4-Esquinas-12-300x200.jpg 300w, https:\/\/researchandmusic.org\/wp-content\/uploads\/2024\/07\/4-Esquinas-12-1024x683.jpg 1024w, https:\/\/researchandmusic.org\/wp-content\/uploads\/2024\/07\/4-Esquinas-12-768x512.jpg 768w, https:\/\/researchandmusic.org\/wp-content\/uploads\/2024\/07\/4-Esquinas-12-1536x1024.jpg 1536w, https:\/\/researchandmusic.org\/wp-content\/uploads\/2024\/07\/4-Esquinas-12-2048x1366.jpg 2048w\" data-sizes=\"(max-width: 2560px) 100vw, 2560px\" src=\"data:image\/gif;base64,R0lGODlhAQABAAAAACH5BAEKAAEALAAAAAABAAEAAAICTAEAOw==\" style=\"--smush-placeholder-width: 2560px; --smush-placeholder-aspect-ratio: 2560\/1707;\" \/><noscript><img loading=\"lazy\" decoding=\"async\" width=\"2560\" height=\"1707\" src=\"https:\/\/researchandmusic.org\/wp-content\/uploads\/2024\/07\/4-Esquinas-12.jpg\" class=\"attachment-full size-full wp-image-601\" alt=\"\" srcset=\"https:\/\/researchandmusic.org\/wp-content\/uploads\/2024\/07\/4-Esquinas-12.jpg 2560w, https:\/\/researchandmusic.org\/wp-content\/uploads\/2024\/07\/4-Esquinas-12-300x200.jpg 300w, https:\/\/researchandmusic.org\/wp-content\/uploads\/2024\/07\/4-Esquinas-12-1024x683.jpg 1024w, https:\/\/researchandmusic.org\/wp-content\/uploads\/2024\/07\/4-Esquinas-12-768x512.jpg 768w, https:\/\/researchandmusic.org\/wp-content\/uploads\/2024\/07\/4-Esquinas-12-1536x1024.jpg 1536w, https:\/\/researchandmusic.org\/wp-content\/uploads\/2024\/07\/4-Esquinas-12-2048x1366.jpg 2048w\" sizes=\"(max-width: 2560px) 100vw, 2560px\" \/><\/noscript><\/div>\n\t\t<\/a>\n\t\t\t\t<div class=\"elementor-post__text\">\n\t\t\t\t<h3 class=\"elementor-post__title\">\n\t\t\t<a href=\"https:\/\/researchandmusic.org\/en\/4-esquinas-2\/\" >\n\t\t\t\t4-Corner\t\t\t<\/a>\n\t\t<\/h3>\n\t\t\t\t<div class=\"elementor-post__meta-data\">\n\t\t\t\t\t<span class=\"elementor-post-date\">\n\t\t\tJuly, 2021\t\t<\/span>\n\t\t\t\t<\/div>\n\t\t\t\t<div class=\"elementor-post__excerpt\">\n\t\t\t<p>The project aims to show the best practices in the support of social innovation and entrepreneurial activities of young people, and highlights the implications for the policies of the top-level to the global level. The project includes a series of workshops (online and face-to-face) with young co-investigators\t\t<\/div>\n\t\t\t\t\t<div class=\"elementor-post__read-more-wrapper\">\n\t\t\n\t\t<a class=\"elementor-post__read-more\" href=\"https:\/\/researchandmusic.org\/en\/4-esquinas-2\/\" aria-label=\"Read more about 4 Esquinas\" tabindex=\"-1\" >\n\t\t\tREAD MORE &gt;&gt; \t\t<\/a>\n\n\t\t\t\t\t<\/div>\n\t\t\t\t<\/div>\n\t\t\t\t<\/article>\n\t\t\t\t<article class=\"elementor-post elementor-grid-item post-531 post type-post status-publish format-standard has-post-thumbnail hentry category-colombia\">\n\t\t\t\t<a class=\"elementor-post__thumbnail__link\" href=\"https:\/\/researchandmusic.org\/en\/cual-es-la-verdad\/\" tabindex=\"-1\" >\n\t\t\t<div class=\"elementor-post__thumbnail\"><img loading=\"lazy\" decoding=\"async\" width=\"1928\" height=\"1088\" data-src=\"https:\/\/researchandmusic.org\/wp-content\/uploads\/2024\/07\/Cual-es-la-verdad-1.jpg\" class=\"attachment-full size-full wp-image-532 lazyload\" alt=\"\" data-srcset=\"https:\/\/researchandmusic.org\/wp-content\/uploads\/2024\/07\/Cual-es-la-verdad-1.jpg 1928w, https:\/\/researchandmusic.org\/wp-content\/uploads\/2024\/07\/Cual-es-la-verdad-1-300x169.jpg 300w, https:\/\/researchandmusic.org\/wp-content\/uploads\/2024\/07\/Cual-es-la-verdad-1-1024x578.jpg 1024w, https:\/\/researchandmusic.org\/wp-content\/uploads\/2024\/07\/Cual-es-la-verdad-1-768x433.jpg 768w, https:\/\/researchandmusic.org\/wp-content\/uploads\/2024\/07\/Cual-es-la-verdad-1-1536x867.jpg 1536w\" data-sizes=\"(max-width: 1928px) 100vw, 1928px\" src=\"data:image\/gif;base64,R0lGODlhAQABAAAAACH5BAEKAAEALAAAAAABAAEAAAICTAEAOw==\" style=\"--smush-placeholder-width: 1928px; --smush-placeholder-aspect-ratio: 1928\/1088;\" \/><noscript><img loading=\"lazy\" decoding=\"async\" width=\"1928\" height=\"1088\" src=\"https:\/\/researchandmusic.org\/wp-content\/uploads\/2024\/07\/Cual-es-la-verdad-1.jpg\" class=\"attachment-full size-full wp-image-532\" alt=\"\" srcset=\"https:\/\/researchandmusic.org\/wp-content\/uploads\/2024\/07\/Cual-es-la-verdad-1.jpg 1928w, https:\/\/researchandmusic.org\/wp-content\/uploads\/2024\/07\/Cual-es-la-verdad-1-300x169.jpg 300w, https:\/\/researchandmusic.org\/wp-content\/uploads\/2024\/07\/Cual-es-la-verdad-1-1024x578.jpg 1024w, https:\/\/researchandmusic.org\/wp-content\/uploads\/2024\/07\/Cual-es-la-verdad-1-768x433.jpg 768w, https:\/\/researchandmusic.org\/wp-content\/uploads\/2024\/07\/Cual-es-la-verdad-1-1536x867.jpg 1536w\" sizes=\"(max-width: 1928px) 100vw, 1928px\" \/><\/noscript><\/div>\n\t\t<\/a>\n\t\t\t\t<div class=\"elementor-post__text\">\n\t\t\t\t<h3 class=\"elementor-post__title\">\n\t\t\t<a href=\"https:\/\/researchandmusic.org\/en\/cual-es-la-verdad\/\" >\n\t\t\t\tWhat is the truth?\t\t\t<\/a>\n\t\t<\/h3>\n\t\t\t\t<div class=\"elementor-post__meta-data\">\n\t\t\t\t\t<span class=\"elementor-post-date\">\n\t\t\tJuly, 2020\t\t<\/span>\n\t\t\t\t<\/div>\n\t\t\t\t<div class=\"elementor-post__excerpt\">\n\t\t\t<p>The project What the Truth is allowed to generate meeting spaces for the decline of violence, the empowerment of the youth co-researchers as active actors, critics, and more goal-directed in the transformation of their territory and the exploration of the arts and music as a language and a methodology\t\t<\/div>\n\t\t\t\t\t<div class=\"elementor-post__read-more-wrapper\">\n\t\t\n\t\t<a class=\"elementor-post__read-more\" href=\"https:\/\/researchandmusic.org\/en\/cual-es-la-verdad\/\" aria-label=\"Read more about \u00bfCu\u00e1l es la verdad?\" tabindex=\"-1\" >\n\t\t\tREAD MORE &gt;&gt; \t\t<\/a>\n\n\t\t\t\t\t<\/div>\n\t\t\t\t<\/div>\n\t\t\t\t<\/article>\n\t\t\t\t<\/div>\n\t\t\t\t\t<span class=\"e-load-more-spinner\">\n\t\t\t\t<svg aria-hidden=\"true\" class=\"e-font-icon-svg e-fas-spinner\" viewbox=\"0 0 512 512\" xmlns=\"http:\/\/www.w3.org\/2000\/svg\"><path d=\"M304 48c0 26.51-21.49 48-48 48s-48-21.49-48-48 21.49-48 48-48 48 21.49 48 48zm-48 368c-26.51 0-48 21.49-48 48s21.49 48 48 48 48-21.49 48-48-21.49-48-48-48zm208-208c-26.51 0-48 21.49-48 48s21.49 48 48 48 48-21.49 48-48-21.49-48-48-48zM96 256c0-26.51-21.49-48-48-48S0 229.49 0 256s21.49 48 48 48 48-21.49 48-48zm12.922 99.078c-26.51 0-48 21.49-48 48s21.49 48 48 48 48-21.49 48-48c0-26.509-21.491-48-48-48zm294.156 0c-26.51 0-48 21.49-48 48s21.49 48 48 48 48-21.49 48-48c0-26.509-21.49-48-48-48zM108.922 60.922c-26.51 0-48 21.49-48 48s21.49 48 48 48 48-21.49 48-48-21.491-48-48-48z\"><\/path><\/svg>\t\t\t<\/span>\n\t\t\n\t\t\t\t<div class=\"e-load-more-anchor\" data-page=\"1\" data-max-page=\"2\" data-next-page=\"https:\/\/researchandmusic.org\/en\/wp-json\/wp\/v2\/pages\/57\/page\/2\/\"><\/div>\n\t\t\t\t<div class=\"e-load-more-message\"><\/div>\n\t\t\t\t<\/div>\n\t\t\t\t<\/div>\n\t\t\t\t<div class=\"elementor-element elementor-element-1b37f40 elementor-grid-1 elementor-posts--align-left elementor-grid-tablet-1 elementor-hidden-desktop elementor-hidden-tablet elementor-grid-mobile-1 elementor-posts--thumbnail-top elementor-widget elementor-widget-posts\" data-id=\"1b37f40\" data-element_type=\"widget\" data-settings=\"{&quot;pagination_type&quot;:&quot;load_more_infinite_scroll&quot;,&quot;classic_columns&quot;:&quot;1&quot;,&quot;classic_row_gap&quot;:{&quot;unit&quot;:&quot;px&quot;,&quot;size&quot;:49,&quot;sizes&quot;:[]},&quot;classic_columns_tablet&quot;:&quot;1&quot;,&quot;classic_row_gap_tablet&quot;:{&quot;unit&quot;:&quot;px&quot;,&quot;size&quot;:29,&quot;sizes&quot;:[]},&quot;classic_columns_mobile&quot;:&quot;1&quot;,&quot;classic_row_gap_mobile&quot;:{&quot;unit&quot;:&quot;px&quot;,&quot;size&quot;:&quot;&quot;,&quot;sizes&quot;:[]},&quot;load_more_spinner&quot;:{&quot;value&quot;:&quot;fas fa-spinner&quot;,&quot;library&quot;:&quot;fa-solid&quot;}}\" data-widget_type=\"posts.classic\">\n\t\t\t\t<div class=\"elementor-widget-container\">\n\t\t\t\t\t<div class=\"elementor-posts-container elementor-posts elementor-posts--skin-classic elementor-grid\">\n\t\t\t\t<article class=\"elementor-post elementor-grid-item post-1449 post type-post status-publish format-standard has-post-thumbnail hentry category-colombia category-internacional tag-creatividad tag-diversidad tag-draperstown tag-proyecto-de-investigacion tag-ritmo tag-rural\">\n\t\t\t\t<a class=\"elementor-post__thumbnail__link\" href=\"https:\/\/researchandmusic.org\/en\/draperstown\/\" tabindex=\"-1\" >\n\t\t\t<div class=\"elementor-post__thumbnail\"><img loading=\"lazy\" decoding=\"async\" width=\"800\" height=\"600\" data-src=\"https:\/\/researchandmusic.org\/wp-content\/uploads\/2025\/04\/IMG_0266-2-1024x768.jpg\" class=\"attachment-large size-large wp-image-1457 lazyload\" alt=\"\" data-srcset=\"https:\/\/researchandmusic.org\/wp-content\/uploads\/2025\/04\/IMG_0266-2-1024x768.jpg 1024w, https:\/\/researchandmusic.org\/wp-content\/uploads\/2025\/04\/IMG_0266-2-300x225.jpg 300w, https:\/\/researchandmusic.org\/wp-content\/uploads\/2025\/04\/IMG_0266-2-768x576.jpg 768w, https:\/\/researchandmusic.org\/wp-content\/uploads\/2025\/04\/IMG_0266-2-1536x1152.jpg 1536w, https:\/\/researchandmusic.org\/wp-content\/uploads\/2025\/04\/IMG_0266-2-2048x1536.jpg 2048w, https:\/\/researchandmusic.org\/wp-content\/uploads\/2025\/04\/IMG_0266-2-16x12.jpg 16w\" data-sizes=\"(max-width: 800px) 100vw, 800px\" src=\"data:image\/gif;base64,R0lGODlhAQABAAAAACH5BAEKAAEALAAAAAABAAEAAAICTAEAOw==\" style=\"--smush-placeholder-width: 800px; --smush-placeholder-aspect-ratio: 800\/600;\" \/><noscript><img loading=\"lazy\" decoding=\"async\" width=\"800\" height=\"600\" src=\"https:\/\/researchandmusic.org\/wp-content\/uploads\/2025\/04\/IMG_0266-2-1024x768.jpg\" class=\"attachment-large size-large wp-image-1457\" alt=\"\" srcset=\"https:\/\/researchandmusic.org\/wp-content\/uploads\/2025\/04\/IMG_0266-2-1024x768.jpg 1024w, https:\/\/researchandmusic.org\/wp-content\/uploads\/2025\/04\/IMG_0266-2-300x225.jpg 300w, https:\/\/researchandmusic.org\/wp-content\/uploads\/2025\/04\/IMG_0266-2-768x576.jpg 768w, https:\/\/researchandmusic.org\/wp-content\/uploads\/2025\/04\/IMG_0266-2-1536x1152.jpg 1536w, https:\/\/researchandmusic.org\/wp-content\/uploads\/2025\/04\/IMG_0266-2-2048x1536.jpg 2048w, https:\/\/researchandmusic.org\/wp-content\/uploads\/2025\/04\/IMG_0266-2-16x12.jpg 16w\" sizes=\"(max-width: 800px) 100vw, 800px\" \/><\/noscript><\/div>\n\t\t<\/a>\n\t\t\t\t<div class=\"elementor-post__text\">\n\t\t\t\t<h3 class=\"elementor-post__title\">\n\t\t\t<a href=\"https:\/\/researchandmusic.org\/en\/draperstown\/\" >\n\t\t\t\tDraperstown\t\t\t<\/a>\n\t\t<\/h3>\n\t\t\t\t<div class=\"elementor-post__meta-data\">\n\t\t\t\t\t<span class=\"elementor-post-date\">\n\t\t\tFebruary, 2025\t\t<\/span>\n\t\t\t\t<\/div>\n\t\t\t\t<div class=\"elementor-post__excerpt\">\n\t\t\t<p>2025 Draperstown, Reino Unido Creatividad, ritmo y diversidad: Mr. Klaje en escuelas rurales de Irlanda del Norte En febrero de 2025, el colectivo colombiano Mr. Klaje \/ Innovaser visit\u00f3 la localidad de Draperstown, en el condado de Londonderry (Irlanda del<\/p>\n\t\t<\/div>\n\t\t\t\t\t<div class=\"elementor-post__read-more-wrapper\">\n\t\t\n\t\t<a class=\"elementor-post__read-more\" href=\"https:\/\/researchandmusic.org\/en\/draperstown\/\" aria-label=\"Read more about Draperstown\" tabindex=\"-1\" >\n\t\t\tREAD MORE &gt;&gt; \t\t<\/a>\n\n\t\t\t\t\t<\/div>\n\t\t\t\t<\/div>\n\t\t\t\t<\/article>\n\t\t\t\t<article class=\"elementor-post elementor-grid-item post-1467 post type-post status-publish format-standard has-post-thumbnail hentry category-colombia category-internacional tag-conciencia-climatica tag-creacion-sonora tag-island tag-proyecto-de-investigacion\">\n\t\t\t\t<a class=\"elementor-post__thumbnail__link\" href=\"https:\/\/researchandmusic.org\/en\/proyecto-future-islan-islan\/\" tabindex=\"-1\" >\n\t\t\t<div class=\"elementor-post__thumbnail\"><img loading=\"lazy\" decoding=\"async\" width=\"800\" height=\"445\" data-src=\"https:\/\/researchandmusic.org\/wp-content\/uploads\/2025\/05\/WhatsApp-Image-2025-04-22-at-9.18.21-AM-2-1024x569.jpeg\" class=\"attachment-large size-large wp-image-1475 lazyload\" alt=\"\" data-srcset=\"https:\/\/researchandmusic.org\/wp-content\/uploads\/2025\/05\/WhatsApp-Image-2025-04-22-at-9.18.21-AM-2-1024x569.jpeg 1024w, https:\/\/researchandmusic.org\/wp-content\/uploads\/2025\/05\/WhatsApp-Image-2025-04-22-at-9.18.21-AM-2-300x167.jpeg 300w, https:\/\/researchandmusic.org\/wp-content\/uploads\/2025\/05\/WhatsApp-Image-2025-04-22-at-9.18.21-AM-2-768x427.jpeg 768w, https:\/\/researchandmusic.org\/wp-content\/uploads\/2025\/05\/WhatsApp-Image-2025-04-22-at-9.18.21-AM-2-18x10.jpeg 18w, https:\/\/researchandmusic.org\/wp-content\/uploads\/2025\/05\/WhatsApp-Image-2025-04-22-at-9.18.21-AM-2.jpeg 1114w\" data-sizes=\"(max-width: 800px) 100vw, 800px\" src=\"data:image\/gif;base64,R0lGODlhAQABAAAAACH5BAEKAAEALAAAAAABAAEAAAICTAEAOw==\" style=\"--smush-placeholder-width: 800px; --smush-placeholder-aspect-ratio: 800\/445;\" \/><noscript><img loading=\"lazy\" decoding=\"async\" width=\"800\" height=\"445\" src=\"https:\/\/researchandmusic.org\/wp-content\/uploads\/2025\/05\/WhatsApp-Image-2025-04-22-at-9.18.21-AM-2-1024x569.jpeg\" class=\"attachment-large size-large wp-image-1475\" alt=\"\" srcset=\"https:\/\/researchandmusic.org\/wp-content\/uploads\/2025\/05\/WhatsApp-Image-2025-04-22-at-9.18.21-AM-2-1024x569.jpeg 1024w, https:\/\/researchandmusic.org\/wp-content\/uploads\/2025\/05\/WhatsApp-Image-2025-04-22-at-9.18.21-AM-2-300x167.jpeg 300w, https:\/\/researchandmusic.org\/wp-content\/uploads\/2025\/05\/WhatsApp-Image-2025-04-22-at-9.18.21-AM-2-768x427.jpeg 768w, https:\/\/researchandmusic.org\/wp-content\/uploads\/2025\/05\/WhatsApp-Image-2025-04-22-at-9.18.21-AM-2-18x10.jpeg 18w, https:\/\/researchandmusic.org\/wp-content\/uploads\/2025\/05\/WhatsApp-Image-2025-04-22-at-9.18.21-AM-2.jpeg 1114w\" sizes=\"(max-width: 800px) 100vw, 800px\" \/><\/noscript><\/div>\n\t\t<\/a>\n\t\t\t\t<div class=\"elementor-post__text\">\n\t\t\t\t<h3 class=\"elementor-post__title\">\n\t\t\t<a href=\"https:\/\/researchandmusic.org\/en\/proyecto-future-islan-islan\/\" >\n\t\t\t\tProyecto Future Island Island\t\t\t<\/a>\n\t\t<\/h3>\n\t\t\t\t<div class=\"elementor-post__meta-data\">\n\t\t\t\t\t<span class=\"elementor-post-date\">\n\t\t\tFebruary, 2025\t\t<\/span>\n\t\t\t\t<\/div>\n\t\t\t\t<div class=\"elementor-post__excerpt\">\n\t\t\t<p>This project aims to contribute to the development of a greener and more sustainable economy in Northern Ireland by bringing together local communities, academics, and creatives through collaborative research processes.<\/p>\n\t\t<\/div>\n\t\t\t\t\t<div class=\"elementor-post__read-more-wrapper\">\n\t\t\n\t\t<a class=\"elementor-post__read-more\" href=\"https:\/\/researchandmusic.org\/en\/proyecto-future-islan-islan\/\" aria-label=\"Read more about Proyecto Future Island Island\" tabindex=\"-1\" >\n\t\t\tREAD MORE &gt;&gt; \t\t<\/a>\n\n\t\t\t\t\t<\/div>\n\t\t\t\t<\/div>\n\t\t\t\t<\/article>\n\t\t\t\t<article class=\"elementor-post elementor-grid-item post-1297 post type-post status-publish format-standard has-post-thumbnail hentry category-colombia category-internacional tag-lucha-climatica tag-muro-sonoro tag-proyecto-de-investigacion\">\n\t\t\t\t<a class=\"elementor-post__thumbnail__link\" href=\"https:\/\/researchandmusic.org\/en\/muro-sonoro-proyecto-de-investigacion\/\" tabindex=\"-1\" >\n\t\t\t<div class=\"elementor-post__thumbnail\"><img loading=\"lazy\" decoding=\"async\" width=\"800\" height=\"534\" data-src=\"https:\/\/researchandmusic.org\/wp-content\/uploads\/2025\/05\/DSC02979-1024x683.jpg\" class=\"attachment-large size-large wp-image-1519 lazyload\" alt=\"\" data-srcset=\"https:\/\/researchandmusic.org\/wp-content\/uploads\/2025\/05\/DSC02979-1024x683.jpg 1024w, https:\/\/researchandmusic.org\/wp-content\/uploads\/2025\/05\/DSC02979-300x200.jpg 300w, https:\/\/researchandmusic.org\/wp-content\/uploads\/2025\/05\/DSC02979-768x512.jpg 768w, https:\/\/researchandmusic.org\/wp-content\/uploads\/2025\/05\/DSC02979-1536x1024.jpg 1536w, https:\/\/researchandmusic.org\/wp-content\/uploads\/2025\/05\/DSC02979-18x12.jpg 18w, https:\/\/researchandmusic.org\/wp-content\/uploads\/2025\/05\/DSC02979.jpg 2048w\" data-sizes=\"(max-width: 800px) 100vw, 800px\" src=\"data:image\/gif;base64,R0lGODlhAQABAAAAACH5BAEKAAEALAAAAAABAAEAAAICTAEAOw==\" style=\"--smush-placeholder-width: 800px; --smush-placeholder-aspect-ratio: 800\/534;\" \/><noscript><img loading=\"lazy\" decoding=\"async\" width=\"800\" height=\"534\" src=\"https:\/\/researchandmusic.org\/wp-content\/uploads\/2025\/05\/DSC02979-1024x683.jpg\" class=\"attachment-large size-large wp-image-1519\" alt=\"\" srcset=\"https:\/\/researchandmusic.org\/wp-content\/uploads\/2025\/05\/DSC02979-1024x683.jpg 1024w, https:\/\/researchandmusic.org\/wp-content\/uploads\/2025\/05\/DSC02979-300x200.jpg 300w, https:\/\/researchandmusic.org\/wp-content\/uploads\/2025\/05\/DSC02979-768x512.jpg 768w, https:\/\/researchandmusic.org\/wp-content\/uploads\/2025\/05\/DSC02979-1536x1024.jpg 1536w, https:\/\/researchandmusic.org\/wp-content\/uploads\/2025\/05\/DSC02979-18x12.jpg 18w, https:\/\/researchandmusic.org\/wp-content\/uploads\/2025\/05\/DSC02979.jpg 2048w\" sizes=\"(max-width: 800px) 100vw, 800px\" \/><\/noscript><\/div>\n\t\t<\/a>\n\t\t\t\t<div class=\"elementor-post__text\">\n\t\t\t\t<h3 class=\"elementor-post__title\">\n\t\t\t<a href=\"https:\/\/researchandmusic.org\/en\/muro-sonoro-proyecto-de-investigacion\/\" >\n\t\t\t\tSound Wall\t\t\t<\/a>\n\t\t<\/h3>\n\t\t\t\t<div class=\"elementor-post__meta-data\">\n\t\t\t\t\t<span class=\"elementor-post-date\">\n\t\t\tSeptember, 2024\t\t<\/span>\n\t\t\t\t<\/div>\n\t\t\t\t<div class=\"elementor-post__excerpt\">\n\t\t\t<p>Muro Sonoro es un proyecto de investigaci\u00f3n financiado por la Moray House School of Education and Sport de la Universidad de Edimburgo. Esta iniciativa de investigaci\u00f3n interdisciplinar utiliza el arte, la m\u00fasica y el sonido para amplificar las voces de\t\t<\/div>\n\t\t\t\t\t<div class=\"elementor-post__read-more-wrapper\">\n\t\t\n\t\t<a class=\"elementor-post__read-more\" href=\"https:\/\/researchandmusic.org\/en\/muro-sonoro-proyecto-de-investigacion\/\" aria-label=\"Read more about Muro Sonoro\" tabindex=\"-1\" >\n\t\t\tREAD MORE &gt;&gt; \t\t<\/a>\n\n\t\t\t\t\t<\/div>\n\t\t\t\t<\/div>\n\t\t\t\t<\/article>\n\t\t\t\t<\/div>\n\t\t\t\t\t<span class=\"e-load-more-spinner\">\n\t\t\t\t<svg aria-hidden=\"true\" class=\"e-font-icon-svg e-fas-spinner\" viewbox=\"0 0 512 512\" xmlns=\"http:\/\/www.w3.org\/2000\/svg\"><path d=\"M304 48c0 26.51-21.49 48-48 48s-48-21.49-48-48 21.49-48 48-48 48 21.49 48 48zm-48 368c-26.51 0-48 21.49-48 48s21.49 48 48 48 48-21.49 48-48-21.49-48-48-48zm208-208c-26.51 0-48 21.49-48 48s21.49 48 48 48 48-21.49 48-48-21.49-48-48-48zM96 256c0-26.51-21.49-48-48-48S0 229.49 0 256s21.49 48 48 48 48-21.49 48-48zm12.922 99.078c-26.51 0-48 21.49-48 48s21.49 48 48 48 48-21.49 48-48c0-26.509-21.491-48-48-48zm294.156 0c-26.51 0-48 21.49-48 48s21.49 48 48 48 48-21.49 48-48c0-26.509-21.49-48-48-48zM108.922 60.922c-26.51 0-48 21.49-48 48s21.49 48 48 48 48-21.49 48-48-21.491-48-48-48z\"><\/path><\/svg>\t\t\t<\/span>\n\t\t\n\t\t\t\t<div class=\"e-load-more-anchor\" data-page=\"1\" data-max-page=\"4\" data-next-page=\"https:\/\/researchandmusic.org\/en\/wp-json\/wp\/v2\/pages\/57\/page\/2\/\"><\/div>\n\t\t\t\t<div class=\"e-load-more-message\"><\/div>\n\t\t\t\t<\/div>\n\t\t\t\t<\/div>\n\t\t\t\t\t<\/div>\n\t\t\t\t<\/div>\n\t\t\t\t\t<\/div>\n\t\t\t\t<\/div>\n\t\t<div class=\"elementor-element elementor-element-3ad39f2 e-flex e-con-boxed e-con e-parent\" data-id=\"3ad39f2\" data-element_type=\"container\" id=\"youtubecall\">\n\t\t\t\t\t<div class=\"e-con-inner\">\n\t\t\t\t<div class=\"elementor-element elementor-element-8c0b8fd elementor-view-default elementor-widget elementor-widget-icon\" data-id=\"8c0b8fd\" data-element_type=\"widget\" data-widget_type=\"icon.default\">\n\t\t\t\t<div class=\"elementor-widget-container\">\n\t\t\t\t\t<div class=\"elementor-icon-wrapper\">\n\t\t\t<div class=\"elementor-icon elementor-animation-buzz-out\">\n\t\t\t<svg aria-hidden=\"true\" class=\"e-font-icon-svg e-fab-youtube\" viewbox=\"0 0 576 512\" xmlns=\"http:\/\/www.w3.org\/2000\/svg\"><path d=\"M549.655 124.083c-6.281-23.65-24.787-42.276-48.284-48.597C458.781 64 288 64 288 64S117.22 64 74.629 75.486c-23.497 6.322-42.003 24.947-48.284 48.597-11.412 42.867-11.412 132.305-11.412 132.305s0 89.438 11.412 132.305c6.281 23.65 24.787 41.5 48.284 47.821C117.22 448 288 448 288 448s170.78 0 213.371-11.486c23.497-6.321 42.003-24.171 48.284-47.821 11.412-42.867 11.412-132.305 11.412-132.305s0-89.438-11.412-132.305zm-317.51 213.508V175.185l142.739 81.205-142.739 81.201z\"><\/path><\/svg>\t\t\t<\/div>\n\t\t<\/div>\n\t\t\t\t<\/div>\n\t\t\t\t<\/div>\n\t\t\t\t<div class=\"elementor-element elementor-element-e9c14ef elementor-widget elementor-widget-text-editor\" data-id=\"e9c14ef\" data-element_type=\"widget\" id=\"youtubecall\" data-widget_type=\"text-editor.default\">\n\t\t\t\t<div class=\"elementor-widget-container\">\n\t\t\t\t\t\t\t<h6><strong>Visit our Youtube channel and subscribe<\/strong><\/h6>\t\t\t\t\t\t<\/div>\n\t\t\t\t<\/div>\n\t\t\t\t\t<\/div>\n\t\t\t\t<\/div>\n\t\t\t\t<\/div>","protected":false},"excerpt":{"rendered":"<p>Nuestros proyectos Cada uno de nuestros proyectos se enfoca en diferentes aspectos del desarrollo comunitario, desde la educaci\u00f3n hasta la sostenibilidad ambiental. Utilizamos la m\u00fasica y el arte como herramientas para la investigaci\u00f3n, creando espacios donde los j\u00f3venes pueden expresarse, aprender y colaborar. Visita nuestro canal de Youtube y suscribete<\/p>","protected":false},"author":1,"featured_media":0,"parent":0,"menu_order":0,"comment_status":"closed","ping_status":"closed","template":"","meta":{"footnotes":""},"yoast_head":"<!-- This site is optimized with the Yoast SEO plugin v23.1 - https:\/\/yoast.com\/wordpress\/plugins\/seo\/ -->\n<title>Proyectos | Research &amp; Music<\/title>\n<meta name=\"robots\" content=\"index, follow, max-snippet:-1, max-image-preview:large, max-video-preview:-1\" \/>\n<link rel=\"canonical\" href=\"https:\/\/researchandmusic.org\/en\/proyectos\/\" \/>\n<meta property=\"og:locale\" content=\"en_US\" \/>\n<meta property=\"og:type\" content=\"article\" \/>\n<meta property=\"og:title\" content=\"Proyectos | Research &amp; Music\" \/>\n<meta property=\"og:description\" content=\"Nuestros proyectos Cada uno de nuestros proyectos se enfoca en diferentes aspectos del desarrollo comunitario, desde la educaci\u00f3n hasta la sostenibilidad ambiental. Utilizamos la m\u00fasica y el arte como herramientas para la investigaci\u00f3n, creando espacios donde los j\u00f3venes pueden expresarse, aprender y colaborar. Visita nuestro canal de Youtube y suscribete\" \/>\n<meta property=\"og:url\" content=\"https:\/\/researchandmusic.org\/en\/proyectos\/\" \/>\n<meta property=\"og:site_name\" content=\"Research &amp; Music\" \/>\n<meta property=\"article:modified_time\" content=\"2024-08-02T03:35:11+00:00\" \/>\n<meta property=\"og:image\" content=\"https:\/\/researchandmusic.org\/wp-content\/uploads\/2024\/07\/logo-file.png\" \/>\n\t<meta property=\"og:image:width\" content=\"500\" \/>\n\t<meta property=\"og:image:height\" content=\"200\" \/>\n\t<meta property=\"og:image:type\" content=\"image\/png\" \/>\n<meta name=\"twitter:card\" content=\"summary_large_image\" \/>\n<script type=\"application\/ld+json\" class=\"yoast-schema-graph\">{\"@context\":\"https:\/\/schema.org\",\"@graph\":[{\"@type\":\"WebPage\",\"@id\":\"https:\/\/researchandmusic.org\/proyectos\/\",\"url\":\"https:\/\/researchandmusic.org\/proyectos\/\",\"name\":\"Proyectos | Research &amp; Music\",\"isPartOf\":{\"@id\":\"https:\/\/researchandmusic.org\/#website\"},\"datePublished\":\"2024-06-30T02:27:32+00:00\",\"dateModified\":\"2024-08-02T03:35:11+00:00\",\"breadcrumb\":{\"@id\":\"https:\/\/researchandmusic.org\/proyectos\/#breadcrumb\"},\"inLanguage\":\"en-US\",\"potentialAction\":[{\"@type\":\"ReadAction\",\"target\":[\"https:\/\/researchandmusic.org\/proyectos\/\"]}]},{\"@type\":\"BreadcrumbList\",\"@id\":\"https:\/\/researchandmusic.org\/proyectos\/#breadcrumb\",\"itemListElement\":[{\"@type\":\"ListItem\",\"position\":1,\"name\":\"Portada\",\"item\":\"https:\/\/researchandmusic.org\/\"},{\"@type\":\"ListItem\",\"position\":2,\"name\":\"Proyectos\"}]},{\"@type\":\"WebSite\",\"@id\":\"https:\/\/researchandmusic.org\/#website\",\"url\":\"https:\/\/researchandmusic.org\/\",\"name\":\"Research & Music\",\"description\":\"Utilizamos la m\u00fasica y el arte como un poderoso lenguaje con un impacto global significativo.\",\"publisher\":{\"@id\":\"https:\/\/researchandmusic.org\/#organization\"},\"alternateName\":\"R&M\",\"potentialAction\":[{\"@type\":\"SearchAction\",\"target\":{\"@type\":\"EntryPoint\",\"urlTemplate\":\"https:\/\/researchandmusic.org\/?s={search_term_string}\"},\"query-input\":\"required name=search_term_string\"}],\"inLanguage\":\"en-US\"},{\"@type\":\"Organization\",\"@id\":\"https:\/\/researchandmusic.org\/#organization\",\"name\":\"Research & Music\",\"alternateName\":\"R&M\",\"url\":\"https:\/\/researchandmusic.org\/\",\"logo\":{\"@type\":\"ImageObject\",\"inLanguage\":\"en-US\",\"@id\":\"https:\/\/researchandmusic.org\/#\/schema\/logo\/image\/\",\"url\":\"https:\/\/researchandmusic.org\/wp-content\/uploads\/2024\/07\/cropped-favicon.png\",\"contentUrl\":\"https:\/\/researchandmusic.org\/wp-content\/uploads\/2024\/07\/cropped-favicon.png\",\"width\":512,\"height\":512,\"caption\":\"Research & Music\"},\"image\":{\"@id\":\"https:\/\/researchandmusic.org\/#\/schema\/logo\/image\/\"}}]}<\/script>\n<!-- \/ Yoast SEO plugin. -->","yoast_head_json":{"title":"Proyectos | Research &amp; Music","robots":{"index":"index","follow":"follow","max-snippet":"max-snippet:-1","max-image-preview":"max-image-preview:large","max-video-preview":"max-video-preview:-1"},"canonical":"https:\/\/researchandmusic.org\/en\/proyectos\/","og_locale":"en_US","og_type":"article","og_title":"Proyectos | Research &amp; Music","og_description":"Nuestros proyectos Cada uno de nuestros proyectos se enfoca en diferentes aspectos del desarrollo comunitario, desde la educaci\u00f3n hasta la sostenibilidad ambiental. Utilizamos la m\u00fasica y el arte como herramientas para la investigaci\u00f3n, creando espacios donde los j\u00f3venes pueden expresarse, aprender y colaborar. Visita nuestro canal de Youtube y suscribete","og_url":"https:\/\/researchandmusic.org\/en\/proyectos\/","og_site_name":"Research &amp; Music","article_modified_time":"2024-08-02T03:35:11+00:00","og_image":[{"width":500,"height":200,"url":"https:\/\/researchandmusic.org\/wp-content\/uploads\/2024\/07\/logo-file.png","type":"image\/png"}],"twitter_card":"summary_large_image","schema":{"@context":"https:\/\/schema.org","@graph":[{"@type":"WebPage","@id":"https:\/\/researchandmusic.org\/proyectos\/","url":"https:\/\/researchandmusic.org\/proyectos\/","name":"Proyectos | Research &amp; Music","isPartOf":{"@id":"https:\/\/researchandmusic.org\/#website"},"datePublished":"2024-06-30T02:27:32+00:00","dateModified":"2024-08-02T03:35:11+00:00","breadcrumb":{"@id":"https:\/\/researchandmusic.org\/proyectos\/#breadcrumb"},"inLanguage":"en-US","potentialAction":[{"@type":"ReadAction","target":["https:\/\/researchandmusic.org\/proyectos\/"]}]},{"@type":"BreadcrumbList","@id":"https:\/\/researchandmusic.org\/proyectos\/#breadcrumb","itemListElement":[{"@type":"ListItem","position":1,"name":"Portada","item":"https:\/\/researchandmusic.org\/"},{"@type":"ListItem","position":2,"name":"Proyectos"}]},{"@type":"WebSite","@id":"https:\/\/researchandmusic.org\/#website","url":"https:\/\/researchandmusic.org\/","name":"Research & Music","description":"Utilizamos la m\u00fasica y el arte como un poderoso lenguaje con un impacto global significativo.","publisher":{"@id":"https:\/\/researchandmusic.org\/#organization"},"alternateName":"R&M","potentialAction":[{"@type":"SearchAction","target":{"@type":"EntryPoint","urlTemplate":"https:\/\/researchandmusic.org\/?s={search_term_string}"},"query-input":"required name=search_term_string"}],"inLanguage":"en-US"},{"@type":"Organization","@id":"https:\/\/researchandmusic.org\/#organization","name":"Research & Music","alternateName":"R&M","url":"https:\/\/researchandmusic.org\/","logo":{"@type":"ImageObject","inLanguage":"en-US","@id":"https:\/\/researchandmusic.org\/#\/schema\/logo\/image\/","url":"https:\/\/researchandmusic.org\/wp-content\/uploads\/2024\/07\/cropped-favicon.png","contentUrl":"https:\/\/researchandmusic.org\/wp-content\/uploads\/2024\/07\/cropped-favicon.png","width":512,"height":512,"caption":"Research & Music"},"image":{"@id":"https:\/\/researchandmusic.org\/#\/schema\/logo\/image\/"}}]}},"_links":{"self":[{"href":"https:\/\/researchandmusic.org\/en\/wp-json\/wp\/v2\/pages\/57"}],"collection":[{"href":"https:\/\/researchandmusic.org\/en\/wp-json\/wp\/v2\/pages"}],"about":[{"href":"https:\/\/researchandmusic.org\/en\/wp-json\/wp\/v2\/types\/page"}],"author":[{"embeddable":true,"href":"https:\/\/researchandmusic.org\/en\/wp-json\/wp\/v2\/users\/1"}],"replies":[{"embeddable":true,"href":"https:\/\/researchandmusic.org\/en\/wp-json\/wp\/v2\/comments?post=57"}],"version-history":[{"count":80,"href":"https:\/\/researchandmusic.org\/en\/wp-json\/wp\/v2\/pages\/57\/revisions"}],"predecessor-version":[{"id":866,"href":"https:\/\/researchandmusic.org\/en\/wp-json\/wp\/v2\/pages\/57\/revisions\/866"}],"wp:attachment":[{"href":"https:\/\/researchandmusic.org\/en\/wp-json\/wp\/v2\/media?parent=57"}],"curies":[{"name":"wp","href":"https:\/\/api.w.org\/{rel}","templated":true}]}}