{"id":330,"date":"2024-07-11T22:13:48","date_gmt":"2024-07-11T22:13:48","guid":{"rendered":"https:\/\/researchandmusic.org\/?page_id=330"},"modified":"2024-07-30T20:35:04","modified_gmt":"2024-07-30T20:35:04","slug":"politicas-de-tratamiento-de-datos","status":"publish","type":"page","link":"https:\/\/researchandmusic.org\/en\/politicas-de-tratamiento-de-datos\/","title":{"rendered":"Pol\u00edticas de tratamiento de datos"},"content":{"rendered":"<div data-elementor-type=\"wp-page\" data-elementor-id=\"330\" class=\"elementor elementor-330\" data-elementor-post-type=\"page\">\n\t\t\t\t<div class=\"elementor-element elementor-element-7bcf2098 e-flex e-con-boxed e-con e-parent\" data-id=\"7bcf2098\" data-element_type=\"container\">\n\t\t\t\t\t<div class=\"e-con-inner\">\n\t\t\t\t<div class=\"elementor-element elementor-element-7501ee3c elementor-widget elementor-widget-text-editor\" data-id=\"7501ee3c\" data-element_type=\"widget\" data-widget_type=\"text-editor.default\">\n\t\t\t\t<div class=\"elementor-widget-container\">\n\t\t\t<style>\/*! elementor - v3.22.0 - 26-06-2024 *\/\n.elementor-widget-text-editor.elementor-drop-cap-view-stacked .elementor-drop-cap{background-color:#69727d;color:#fff}.elementor-widget-text-editor.elementor-drop-cap-view-framed .elementor-drop-cap{color:#69727d;border:3px solid;background-color:transparent}.elementor-widget-text-editor:not(.elementor-drop-cap-view-default) .elementor-drop-cap{margin-top:8px}.elementor-widget-text-editor:not(.elementor-drop-cap-view-default) .elementor-drop-cap-letter{width:1em;height:1em}.elementor-widget-text-editor .elementor-drop-cap{float:left;text-align:center;line-height:1;font-size:50px}.elementor-widget-text-editor .elementor-drop-cap-letter{display:inline-block}<\/style>\t\t\t\t<p><!-- wp:paragraph --><\/p>\n<p><strong>Policy on the processing of data:<\/strong><\/p>\n<p><!-- \/wp:paragraph --><\/p>\n<p><!-- wp:paragraph --><\/p>\n<p><strong>Introduction<\/strong><\/p>\n<p><!-- \/wp:paragraph --><\/p>\n<p><!-- wp:paragraph --><\/p>\n<p>In &#034;Research and Music,&#034; we value the privacy of all individuals with whom we interact. This policy of personal data processing describes how we collect, use, protect and share the personal information of the participants, staff, partners and any other person whose data are processed by us.<\/p>\n<p><!-- \/wp:paragraph --><\/p>\n<p><!-- wp:paragraph --><\/p>\n<p><strong>1. Responsible for the Treatment<\/strong><\/p>\n<p><!-- \/wp:paragraph --><\/p>\n<p><!-- wp:paragraph --><\/p>\n<p>The responsible for the processing of personal data is &#034;Research and Music&#034;<\/p>\n<p><!-- \/wp:paragraph --><\/p>\n<p><!-- wp:paragraph --><\/p>\n<p><strong>2. Definitions<\/strong><\/p>\n<p><!-- \/wp:paragraph --><\/p>\n<p><!-- wp:paragraph --><\/p>\n<p>For purposes of this policy, the term:<\/p>\n<p><!-- \/wp:paragraph --><\/p>\n<p><!-- wp:list --><\/p>\n<ul>\n<li style=\"list-style-type: none;\">\n<ul><!-- wp:list-item --><\/ul>\n<\/li>\n<\/ul>\n<p>\u00a0<\/p>\n<ul>\n<li style=\"list-style-type: none;\">\n<ul>\n<li><strong>Personal data:<\/strong> Any information linked to or that can be associated to a natural person.<\/li>\n<\/ul>\n<\/li>\n<\/ul>\n<p><!-- \/wp:list-item --><\/p>\n<p><!-- wp:list-item --><\/p>\n<ul>\n<li style=\"list-style-type: none;\">\n<ul>\n<li><strong>Owner:<\/strong> Natural person, whose personal data are processed.<\/li>\n<\/ul>\n<\/li>\n<\/ul>\n<p><!-- \/wp:list-item --><\/p>\n<p><!-- wp:list-item --><\/p>\n<ul>\n<li style=\"list-style-type: none;\">\n<ul>\n<li><strong>Treatment:<\/strong> Any operation or set of operations on personal data, such as the collection, storage, use, circulation or suppression.<\/li>\n<\/ul>\n<\/li>\n<\/ul>\n<p><!-- \/wp:list-item --><\/p>\n<p><!-- wp:list-item --><\/p>\n<ul>\n<li style=\"list-style-type: none;\">\n<ul>\n<li><strong>In charge of the treatment:<\/strong> Natural or legal person who carries out the processing of personal data on behalf of the controller.<\/li>\n<\/ul>\n<\/li>\n<\/ul>\n<p><!-- \/wp:list-item --><\/p>\n<p><!-- \/wp:list --><\/p>\n<p><!-- wp:paragraph --><\/p>\n<p>\u00a0<\/p>\n<p><strong>3. Purposes of the Processing of Data<\/strong><\/p>\n<p><!-- \/wp:paragraph --><\/p>\n<p><!-- wp:paragraph --><\/p>\n<p>The personal data collected will be used for the following purposes:<\/p>\n<p><!-- \/wp:paragraph --><\/p>\n<p><!-- wp:list --><\/p>\n<ul>\n<li style=\"list-style-type: none;\">\n<ul><!-- wp:list-item --><\/ul>\n<\/li>\n<\/ul>\n<p>\u00a0<\/p>\n<ul>\n<li style=\"list-style-type: none;\">\n<ul>\n<li>To manage the participation of the stakeholders in the activities and projects of &#034;Research and Music&#034;.<\/li>\n<\/ul>\n<\/li>\n<\/ul>\n<p><!-- \/wp:list-item --><\/p>\n<p><!-- wp:list-item --><\/p>\n<ul>\n<li style=\"list-style-type: none;\">\n<ul>\n<li>Communicate relevant information about our research and activities.<\/li>\n<\/ul>\n<\/li>\n<\/ul>\n<p><!-- \/wp:list-item --><\/p>\n<p><!-- wp:list-item --><\/p>\n<ul>\n<li style=\"list-style-type: none;\">\n<ul>\n<li>To carry out statistical studies and evaluations in order to improve our initiatives.<\/li>\n<\/ul>\n<\/li>\n<\/ul>\n<p><!-- \/wp:list-item --><\/p>\n<p><!-- wp:list-item --><\/p>\n<ul>\n<li style=\"list-style-type: none;\">\n<ul>\n<li>Comply with legal and contractual obligations.<\/li>\n<\/ul>\n<\/li>\n<\/ul>\n<p><!-- \/wp:list-item --><\/p>\n<p><!-- wp:list-item --><\/p>\n<ul>\n<li style=\"list-style-type: none;\">\n<ul>\n<li>Spreading the impact and results of our projects.<\/li>\n<\/ul>\n<\/li>\n<\/ul>\n<p><!-- \/wp:list-item --><\/p>\n<p><!-- \/wp:list --><\/p>\n<p><!-- wp:paragraph --><\/p>\n<p>\u00a0<\/p>\n<p><strong>4. Rights of the Holder<\/strong><\/p>\n<p><!-- \/wp:paragraph --><\/p>\n<p><!-- wp:paragraph --><\/p>\n<p>The holder of personal data has the following rights:<\/p>\n<p><!-- \/wp:paragraph --><\/p>\n<p><!-- wp:list --><\/p>\n<ul>\n<li style=\"list-style-type: none;\">\n<ul><!-- wp:list-item --><\/ul>\n<\/li>\n<\/ul>\n<p>\u00a0<\/p>\n<ul>\n<li style=\"list-style-type: none;\">\n<ul>\n<li>Know, update and rectify your personal data.<\/li>\n<\/ul>\n<\/li>\n<\/ul>\n<p><!-- \/wp:list-item --><\/p>\n<p><!-- wp:list-item --><\/p>\n<ul>\n<li style=\"list-style-type: none;\">\n<ul>\n<li>Request proof of the authorization granted for the processing of your data.<\/li>\n<\/ul>\n<\/li>\n<\/ul>\n<p><!-- \/wp:list-item --><\/p>\n<p><!-- wp:list-item --><\/p>\n<ul>\n<li style=\"list-style-type: none;\">\n<ul>\n<li>Be informed about the use that has been given to their personal data.<\/li>\n<\/ul>\n<\/li>\n<\/ul>\n<p><!-- \/wp:list-item --><\/p>\n<p><!-- wp:list-item --><\/p>\n<ul>\n<li style=\"list-style-type: none;\">\n<ul>\n<li>To file complaints before the Superintendence of Industry and Commerce for violations of the provisions of the Act.<\/li>\n<\/ul>\n<\/li>\n<\/ul>\n<p><!-- \/wp:list-item --><\/p>\n<p><!-- wp:list-item --><\/p>\n<ul>\n<li style=\"list-style-type: none;\">\n<ul>\n<li>Revoke the authorization and\/or request deletion of your data when the treatment does not comply with the principles, rights and constitutional and legal protections.<\/li>\n<\/ul>\n<\/li>\n<\/ul>\n<p><!-- \/wp:list-item --><\/p>\n<p><!-- \/wp:list --><\/p>\n<p><!-- wp:paragraph --><\/p>\n<p>\u00a0<\/p>\n<p><strong>5. Procedures for Exercising the Rights<\/strong><\/p>\n<p><!-- \/wp:paragraph --><\/p>\n<p><!-- wp:paragraph --><\/p>\n<p>To exercise their rights, the holder may submit a request through the following means:<\/p>\n<p><!-- \/wp:paragraph --><\/p>\n<p><!-- wp:list --><\/p>\n<ul>\n<li style=\"list-style-type: none;\">\n<ul><!-- wp:list-item --><\/ul>\n<\/li>\n<\/ul>\n<p>\u00a0<\/p>\n<ul>\n<li style=\"list-style-type: none;\">\n<ul>\n<li>E-mail: researchandmusicpro@gmail.com<\/li>\n<\/ul>\n<\/li>\n<\/ul>\n<p><!-- \/wp:list-item --><\/p>\n<p><!-- wp:list-item --><\/p>\n<ul>\n<li style=\"list-style-type: none;\">\n<ul>\n<li>Phone: [7599416507]<\/li>\n<\/ul>\n<\/li>\n<\/ul>\n<p><!-- \/wp:list-item --><\/p>\n<p><!-- \/wp:list --><\/p>\n<p><!-- wp:paragraph --><\/p>\n<p>\u00a0<\/p>\n<p><strong>6. Security measures<\/strong><\/p>\n<p><!-- \/wp:paragraph --><\/p>\n<p><!-- wp:paragraph --><\/p>\n<p>We implement measures of technical, human and administrative measures to ensure the security of personal data and to prevent its adulteration, loss, consultation, use or unauthorized access.<\/p>\n<p><!-- \/wp:paragraph --><\/p>\n<p><!-- wp:paragraph --><\/p>\n<p><strong>7. Transfer and Transmission of Data<\/strong><\/p>\n<p><!-- \/wp:paragraph --><\/p>\n<p><!-- wp:paragraph --><\/p>\n<p>The personal data may be transferred or transmitted to third parties, within or outside the country, only when it is necessary to fulfill the purposes set forth in this policy, and always under confidentiality agreements to ensure the proper handling of the information.<\/p>\n<p><!-- \/wp:paragraph --><\/p>\n<p><!-- wp:paragraph --><\/p>\n<p><span style=\"text-align: var(--text-align);\">\u00a0<\/span><\/p>\n<p><span style=\"text-align: var(--text-align);\">researchandmusic.org<br \/><\/span><span style=\"text-align: var(--text-align);\">Update date:2024<\/span><\/p>\n<p><!-- \/wp:paragraph --><\/p>\n<p><!-- wp:separator --><\/p>\n<p><!-- \/wp:separator --><\/p>\n<p><!-- wp:paragraph --><\/p>\n<p><!-- \/wp:paragraph --><\/p>\n<p><!-- wp:paragraph --><\/p>\n<p><!-- \/wp:paragraph --><\/p>\t\t\t\t\t\t<\/div>\n\t\t\t\t<\/div>\n\t\t\t\t\t<\/div>\n\t\t\t\t<\/div>\n\t\t\t\t<\/div>","protected":false},"excerpt":{"rendered":"<p>Pol\u00edtica de tratamiento de datos: Introducci\u00f3n En \u00abResearch and Music\u00bb, valoramos la privacidad de todas las personas con las que interactuamos. Esta pol\u00edtica de tratamiento de datos personales describe c\u00f3mo recolectamos, utilizamos, protegemos y compartimos la informaci\u00f3n personal de los participantes, empleados, colaboradores y cualquier otra persona cuyos datos sean tratados por nosotros. 1. Responsable [&hellip;]<\/p>","protected":false},"author":1,"featured_media":0,"parent":0,"menu_order":0,"comment_status":"closed","ping_status":"closed","template":"","meta":{"footnotes":""},"yoast_head":"<!-- This site is optimized with the Yoast SEO plugin v23.1 - https:\/\/yoast.com\/wordpress\/plugins\/seo\/ -->\n<title>Pol\u00edticas de tratamiento de datos | Research &amp; Music<\/title>\n<meta name=\"robots\" content=\"index, follow, max-snippet:-1, max-image-preview:large, max-video-preview:-1\" \/>\n<link rel=\"canonical\" href=\"https:\/\/researchandmusic.org\/en\/politicas-de-tratamiento-de-datos\/\" \/>\n<meta property=\"og:locale\" content=\"en_US\" \/>\n<meta property=\"og:type\" content=\"article\" \/>\n<meta property=\"og:title\" content=\"Pol\u00edticas de tratamiento de datos | Research &amp; Music\" \/>\n<meta property=\"og:description\" content=\"Pol\u00edtica de tratamiento de datos: Introducci\u00f3n En \u00abResearch and Music\u00bb, valoramos la privacidad de todas las personas con las que interactuamos. Esta pol\u00edtica de tratamiento de datos personales describe c\u00f3mo recolectamos, utilizamos, protegemos y compartimos la informaci\u00f3n personal de los participantes, empleados, colaboradores y cualquier otra persona cuyos datos sean tratados por nosotros. 1. Responsable [&hellip;]\" \/>\n<meta property=\"og:url\" content=\"https:\/\/researchandmusic.org\/en\/politicas-de-tratamiento-de-datos\/\" \/>\n<meta property=\"og:site_name\" content=\"Research &amp; Music\" \/>\n<meta property=\"article:modified_time\" content=\"2024-07-30T20:35:04+00:00\" \/>\n<meta property=\"og:image\" content=\"https:\/\/researchandmusic.org\/wp-content\/uploads\/2024\/07\/logo-file.png\" \/>\n\t<meta property=\"og:image:width\" content=\"500\" \/>\n\t<meta property=\"og:image:height\" content=\"200\" \/>\n\t<meta property=\"og:image:type\" content=\"image\/png\" \/>\n<meta name=\"twitter:card\" content=\"summary_large_image\" \/>\n<meta name=\"twitter:label1\" content=\"Est. reading time\" \/>\n\t<meta name=\"twitter:data1\" content=\"2 minutes\" \/>\n<script type=\"application\/ld+json\" class=\"yoast-schema-graph\">{\"@context\":\"https:\/\/schema.org\",\"@graph\":[{\"@type\":\"WebPage\",\"@id\":\"https:\/\/researchandmusic.org\/politicas-de-tratamiento-de-datos\/\",\"url\":\"https:\/\/researchandmusic.org\/politicas-de-tratamiento-de-datos\/\",\"name\":\"Pol\u00edticas de tratamiento de datos | Research &amp; Music\",\"isPartOf\":{\"@id\":\"https:\/\/researchandmusic.org\/#website\"},\"datePublished\":\"2024-07-11T22:13:48+00:00\",\"dateModified\":\"2024-07-30T20:35:04+00:00\",\"breadcrumb\":{\"@id\":\"https:\/\/researchandmusic.org\/politicas-de-tratamiento-de-datos\/#breadcrumb\"},\"inLanguage\":\"en-US\",\"potentialAction\":[{\"@type\":\"ReadAction\",\"target\":[\"https:\/\/researchandmusic.org\/politicas-de-tratamiento-de-datos\/\"]}]},{\"@type\":\"BreadcrumbList\",\"@id\":\"https:\/\/researchandmusic.org\/politicas-de-tratamiento-de-datos\/#breadcrumb\",\"itemListElement\":[{\"@type\":\"ListItem\",\"position\":1,\"name\":\"Portada\",\"item\":\"https:\/\/researchandmusic.org\/\"},{\"@type\":\"ListItem\",\"position\":2,\"name\":\"Pol\u00edticas de tratamiento de datos\"}]},{\"@type\":\"WebSite\",\"@id\":\"https:\/\/researchandmusic.org\/#website\",\"url\":\"https:\/\/researchandmusic.org\/\",\"name\":\"Research & Music\",\"description\":\"Utilizamos la m\u00fasica y el arte como un poderoso lenguaje con un impacto global significativo.\",\"publisher\":{\"@id\":\"https:\/\/researchandmusic.org\/#organization\"},\"alternateName\":\"R&M\",\"potentialAction\":[{\"@type\":\"SearchAction\",\"target\":{\"@type\":\"EntryPoint\",\"urlTemplate\":\"https:\/\/researchandmusic.org\/?s={search_term_string}\"},\"query-input\":\"required name=search_term_string\"}],\"inLanguage\":\"en-US\"},{\"@type\":\"Organization\",\"@id\":\"https:\/\/researchandmusic.org\/#organization\",\"name\":\"Research & Music\",\"alternateName\":\"R&M\",\"url\":\"https:\/\/researchandmusic.org\/\",\"logo\":{\"@type\":\"ImageObject\",\"inLanguage\":\"en-US\",\"@id\":\"https:\/\/researchandmusic.org\/#\/schema\/logo\/image\/\",\"url\":\"https:\/\/researchandmusic.org\/wp-content\/uploads\/2024\/07\/cropped-favicon.png\",\"contentUrl\":\"https:\/\/researchandmusic.org\/wp-content\/uploads\/2024\/07\/cropped-favicon.png\",\"width\":512,\"height\":512,\"caption\":\"Research & Music\"},\"image\":{\"@id\":\"https:\/\/researchandmusic.org\/#\/schema\/logo\/image\/\"}}]}<\/script>\n<!-- \/ Yoast SEO plugin. -->","yoast_head_json":{"title":"Pol\u00edticas de tratamiento de datos | Research &amp; Music","robots":{"index":"index","follow":"follow","max-snippet":"max-snippet:-1","max-image-preview":"max-image-preview:large","max-video-preview":"max-video-preview:-1"},"canonical":"https:\/\/researchandmusic.org\/en\/politicas-de-tratamiento-de-datos\/","og_locale":"en_US","og_type":"article","og_title":"Pol\u00edticas de tratamiento de datos | Research &amp; Music","og_description":"Pol\u00edtica de tratamiento de datos: Introducci\u00f3n En \u00abResearch and Music\u00bb, valoramos la privacidad de todas las personas con las que interactuamos. Esta pol\u00edtica de tratamiento de datos personales describe c\u00f3mo recolectamos, utilizamos, protegemos y compartimos la informaci\u00f3n personal de los participantes, empleados, colaboradores y cualquier otra persona cuyos datos sean tratados por nosotros. 1. Responsable [&hellip;]","og_url":"https:\/\/researchandmusic.org\/en\/politicas-de-tratamiento-de-datos\/","og_site_name":"Research &amp; Music","article_modified_time":"2024-07-30T20:35:04+00:00","og_image":[{"width":500,"height":200,"url":"https:\/\/researchandmusic.org\/wp-content\/uploads\/2024\/07\/logo-file.png","type":"image\/png"}],"twitter_card":"summary_large_image","twitter_misc":{"Est. reading time":"2 minutes"},"schema":{"@context":"https:\/\/schema.org","@graph":[{"@type":"WebPage","@id":"https:\/\/researchandmusic.org\/politicas-de-tratamiento-de-datos\/","url":"https:\/\/researchandmusic.org\/politicas-de-tratamiento-de-datos\/","name":"Pol\u00edticas de tratamiento de datos | Research &amp; Music","isPartOf":{"@id":"https:\/\/researchandmusic.org\/#website"},"datePublished":"2024-07-11T22:13:48+00:00","dateModified":"2024-07-30T20:35:04+00:00","breadcrumb":{"@id":"https:\/\/researchandmusic.org\/politicas-de-tratamiento-de-datos\/#breadcrumb"},"inLanguage":"en-US","potentialAction":[{"@type":"ReadAction","target":["https:\/\/researchandmusic.org\/politicas-de-tratamiento-de-datos\/"]}]},{"@type":"BreadcrumbList","@id":"https:\/\/researchandmusic.org\/politicas-de-tratamiento-de-datos\/#breadcrumb","itemListElement":[{"@type":"ListItem","position":1,"name":"Portada","item":"https:\/\/researchandmusic.org\/"},{"@type":"ListItem","position":2,"name":"Pol\u00edticas de tratamiento de datos"}]},{"@type":"WebSite","@id":"https:\/\/researchandmusic.org\/#website","url":"https:\/\/researchandmusic.org\/","name":"Research & Music","description":"Utilizamos la m\u00fasica y el arte como un poderoso lenguaje con un impacto global significativo.","publisher":{"@id":"https:\/\/researchandmusic.org\/#organization"},"alternateName":"R&M","potentialAction":[{"@type":"SearchAction","target":{"@type":"EntryPoint","urlTemplate":"https:\/\/researchandmusic.org\/?s={search_term_string}"},"query-input":"required name=search_term_string"}],"inLanguage":"en-US"},{"@type":"Organization","@id":"https:\/\/researchandmusic.org\/#organization","name":"Research & Music","alternateName":"R&M","url":"https:\/\/researchandmusic.org\/","logo":{"@type":"ImageObject","inLanguage":"en-US","@id":"https:\/\/researchandmusic.org\/#\/schema\/logo\/image\/","url":"https:\/\/researchandmusic.org\/wp-content\/uploads\/2024\/07\/cropped-favicon.png","contentUrl":"https:\/\/researchandmusic.org\/wp-content\/uploads\/2024\/07\/cropped-favicon.png","width":512,"height":512,"caption":"Research & Music"},"image":{"@id":"https:\/\/researchandmusic.org\/#\/schema\/logo\/image\/"}}]}},"_links":{"self":[{"href":"https:\/\/researchandmusic.org\/en\/wp-json\/wp\/v2\/pages\/330"}],"collection":[{"href":"https:\/\/researchandmusic.org\/en\/wp-json\/wp\/v2\/pages"}],"about":[{"href":"https:\/\/researchandmusic.org\/en\/wp-json\/wp\/v2\/types\/page"}],"author":[{"embeddable":true,"href":"https:\/\/researchandmusic.org\/en\/wp-json\/wp\/v2\/users\/1"}],"replies":[{"embeddable":true,"href":"https:\/\/researchandmusic.org\/en\/wp-json\/wp\/v2\/comments?post=330"}],"version-history":[{"count":17,"href":"https:\/\/researchandmusic.org\/en\/wp-json\/wp\/v2\/pages\/330\/revisions"}],"predecessor-version":[{"id":854,"href":"https:\/\/researchandmusic.org\/en\/wp-json\/wp\/v2\/pages\/330\/revisions\/854"}],"wp:attachment":[{"href":"https:\/\/researchandmusic.org\/en\/wp-json\/wp\/v2\/media?parent=330"}],"curies":[{"name":"wp","href":"https:\/\/api.w.org\/{rel}","templated":true}]}}